{"id":1213,"date":"2024-11-14T11:57:50","date_gmt":"2024-11-14T11:57:50","guid":{"rendered":"https:\/\/www.eduardalentorn.com\/dr\/?page_id=1213"},"modified":"2024-11-28T08:38:54","modified_gmt":"2024-11-28T08:38:54","slug":"biblioteca-de-pacientes","status":"publish","type":"page","link":"https:\/\/www.eduardalentorn.com\/dr\/pt\/biblioteca-de-pacientes\/","title":{"rendered":"Biblioteca de Pacientes"},"content":{"rendered":"\n<div id=\"cuerpo\" class=\"wp-block-group\"><div class=\"wp-block-group__inner-container is-layout-constrained wp-block-group-is-layout-constrained\">\n<p>Cotovelo<\/p>\n\n\n\n<ul class=\"wp-block-list\">\n<li><a href=\"https:\/\/www.eduardalentorn.com\/dr\/wp-content\/uploads\/2024\/11\/ARTROSCOPIA-DO-COTOVELO.docx.pdf\" target=\"_blank\" rel=\"noreferrer noopener\">Artroscopia do cotovelo<\/a><\/li>\n\n\n\n<li><a href=\"https:\/\/www.eduardalentorn.com\/dr\/wp-content\/uploads\/2024\/11\/EPICONDILITE-E-EPITROCLEITE.docx.pdf\" target=\"_blank\" rel=\"noreferrer noopener\">Epicondilite e epitrocle\u00edte<\/a><\/li>\n\n\n\n<li><a href=\"https:\/\/www.eduardalentorn.com\/dr\/wp-content\/uploads\/2024\/11\/INSTABILIDADE-DO-COTOVELO.docx.pdf\" target=\"_blank\" rel=\"noreferrer noopener\">Instabilidade do cotovelo<\/a><\/li>\n\n\n\n<li><a href=\"https:\/\/www.eduardalentorn.com\/dr\/wp-content\/uploads\/2024\/11\/TRATAMENTO-DA-OSTEOARTRITE-DO-COTOVELO.docx.pdf\" target=\"_blank\" rel=\"noreferrer noopener\">Tratamento da osteoartrite do cotovelo<\/a><\/li>\n\n\n\n<li><a href=\"https:\/\/www.eduardalentorn.com\/dr\/wp-content\/uploads\/2024\/11\/TRATAMENTO-DA-RIGIDEZ-DO-COTOVELO.docx.pdf\" target=\"_blank\" rel=\"noreferrer noopener\">Tratamento da rigidez do cotovelo<\/a><\/li>\n<\/ul>\n\n\n\n<p>Em geral<\/p>\n\n\n\n<ul class=\"wp-block-list\">\n<li><a href=\"https:\/\/www.eduardalentorn.com\/dr\/wp-content\/uploads\/2024\/11\/COMO-ESCOLHER-UM-BOM-TRAUMATOLOGISTA_.docx.pdf\" target=\"_blank\" rel=\"noreferrer noopener\">Como escolher um bom traumatologista?<\/a><\/li>\n\n\n\n<li><a href=\"https:\/\/www.eduardalentorn.com\/dr\/wp-content\/uploads\/2024\/11\/INFILTRACOES-EM-TRAUMATOLOGIA.-O-que-sao-e-para-que-servem_.docx.pdf\">INFILTRA\u00c7\u00d5ES<\/a><a href=\"https:\/\/www.eduardalentorn.com\/dr\/wp-content\/uploads\/2024\/11\/INFILTRACOES-EM-TRAUMATOLOGIA.-O-que-sao-e-para-que-servem_.docx.pdf\" target=\"_blank\" rel=\"noreferrer noopener\"> <\/a><a href=\"https:\/\/www.eduardalentorn.com\/dr\/wp-content\/uploads\/2024\/11\/INFILTRACOES-EM-TRAUMATOLOGIA.-O-que-sao-e-para-que-servem_.docx.pdf\">em traumatologia<\/a><\/li>\n\n\n\n<li><a href=\"https:\/\/www.eduardalentorn.com\/dr\/wp-content\/uploads\/2024\/11\/QUAIS-SAO-AS-COISAS-MAIS-IMPORTANTES-NUMA-CONSULTA-MEDICA_.docx.pdf\" target=\"_blank\" rel=\"noreferrer noopener\">Quais s\u00e3o as coisas mais importantes numa consulta medica?<\/a><\/li>\n<\/ul>\n\n\n\n<p>Ombro<\/p>\n\n\n\n<ul class=\"wp-block-list\">\n<li><a href=\"https:\/\/www.eduardalentorn.com\/dr\/wp-content\/uploads\/2024\/11\/CAPSULITE-ADESIVA-E-OMBRO-CONGELADO-O-QUE-E-E-COMO-E-TRATADO.docx.pdf\" target=\"_blank\" rel=\"noreferrer noopener\">Capsulite adesiva e ombro congelado o que \u00e9 como \u00e9 tratado<\/a><\/li>\n\n\n\n<li><a href=\"https:\/\/www.eduardalentorn.com\/dr\/wp-content\/uploads\/2024\/11\/INSTABILIDADE-DO-OMBRO-TIPOS-E-TRATAMENTO.docx.pdf\" target=\"_blank\" rel=\"noreferrer noopener\">Instabilidad do ombro: tipos e tratamiento<\/a><\/li>\n\n\n\n<li><a href=\"https:\/\/www.eduardalentorn.com\/dr\/wp-content\/uploads\/2024\/11\/MEU-OMBRO-DOI-O-QUE-EU-TENHO_-CAUSAS-DA-DOR-NO-OMBRO.docx.pdf\" target=\"_blank\" rel=\"noreferrer noopener\">Meu ombro d\u00f3i o que eu tenho<\/a>?<\/li>\n\n\n\n<li><a href=\"https:\/\/www.eduardalentorn.com\/dr\/wp-content\/uploads\/2024\/11\/PROTESES-DE-OMBRO-PARA-O-TRATAMENTO-DA-OSTEOARTRITE.docx.pdf\" target=\"_blank\" rel=\"noreferrer noopener\">Pr\u00f3teses de ombro para o tratamento da osteoartrite<\/a><\/li>\n\n\n\n<li><a href=\"https:\/\/www.eduardalentorn.com\/dr\/wp-content\/uploads\/2024\/11\/REABILITACAO-E-PREVENCAO-DE-LESOES-NO-OMBRO.docx.pdf\" target=\"_blank\" rel=\"noreferrer noopener\">Reabilita\u00e7\u00e3o e preven\u00e7\u00e3o de LES\u00d5ES no ombro<\/a><\/li>\n\n\n\n<li><a href=\"https:\/\/www.eduardalentorn.com\/dr\/wp-content\/uploads\/2024\/11\/RUTURA-DO-MANGUITO-ROTADOR-TIPOS-TRATAMENTO-E-PREVENCAO.docx.pdf\" target=\"_blank\" rel=\"noreferrer noopener\">Rutura do manguito rotador: tipos, tratamento e preven\u00e7ao<\/a><\/li>\n\n\n\n<li><a href=\"https:\/\/www.eduardalentorn.com\/dr\/wp-content\/uploads\/2024\/11\/SINDROME-DO-CONFLITO-SUBACROMIAL-DO-OMBRO-O-QUE-E_-COMO-TRATA-LO_-COMO-PREVENIR_.docx.pdf\" target=\"_blank\" rel=\"noreferrer noopener\">S\u00edndrome do conflito subacromial do ombro: o que \u00e9? como trata-lo? como prevenir?<\/a><\/li>\n\n\n\n<li><a href=\"https:\/\/www.eduardalentorn.com\/dr\/wp-content\/uploads\/2024\/11\/TENDINITE-CALCIFICADA-DO-OMBRO.docx.pdf\" target=\"_blank\" rel=\"noreferrer noopener\">Tendinite calificada do ombro<\/a><\/li>\n\n\n\n<li><a href=\"https:\/\/www.eduardalentorn.com\/dr\/wp-content\/uploads\/2024\/11\/TENHO-UM-TENDAO-DO-OMBRO-RASGADO-PRECISO-DE-CIRURGIA_.docx.pdf\" target=\"_blank\" rel=\"noreferrer noopener\">Tenho um tend\u00e3o do ombro rasgado, preciso de cirugia?<\/a><\/li>\n\n\n\n<li><a href=\"https:\/\/www.eduardalentorn.com\/dr\/wp-content\/uploads\/2024\/11\/TRATAMENTOS-BIOLOGICOS-NO-OMBRO.docx.pdf\" target=\"_blank\" rel=\"noreferrer noopener\">Tratamentos biol\u00f3gicos no ombro<\/a><\/li>\n<\/ul>\n\n\n\n<p>Joelho<\/p>\n\n\n\n<ul class=\"wp-block-list\">\n<li><a href=\"https:\/\/www.eduardalentorn.com\/dr\/wp-content\/uploads\/2024\/11\/FATORES-DE-RISCO-PARA-RUTURA-DO-LIGAMENTO-CRUZADO-ANTERIOR.docx.pdf\" target=\"_blank\" rel=\"noreferrer noopener\">Fatores de risco para rutura do ligamento cruzado anterior<\/a><\/li>\n\n\n\n<li><a href=\"https:\/\/www.eduardalentorn.com\/dr\/wp-content\/uploads\/2024\/11\/LESAO-DO-LIGAMENTO-CRUZADO-ANTERIOR.docx.pdf\" target=\"_blank\" rel=\"noreferrer noopener\">LES\u00c3O&nbsp;do ligamento cruzado anterior<\/a><\/li>\n\n\n\n<li><a href=\"https:\/\/www.eduardalentorn.com\/dr\/wp-content\/uploads\/2024\/11\/LESOES-DO-MENISCO-TIPOS-E-TRATAMENTO.docx.pdf\" data-type=\"link\" data-id=\"https:\/\/www.eduardalentorn.com\/dr\/wp-content\/uploads\/2024\/11\/LESOES-DO-MENISCO-TIPOS-E-TRATAMENTO.docx.pdf\" target=\"_blank\" rel=\"noreferrer noopener\">LES\u00d5ES&nbsp;do menisco: tipos e tratamento<\/a><\/li>\n\n\n\n<li><a href=\"https:\/\/www.eduardalentorn.com\/dr\/wp-content\/uploads\/2024\/11\/REABILITACAO-E-PREVENCAO-DE-LESOES-NO-JOELHO.docx.pdf\" target=\"_blank\" rel=\"noreferrer noopener\">REABILITA\u00c7\u00c3O E PREVEN\u00c7\u00c3O DE LES\u00d5ES NO JOELHO<\/a><\/li>\n\n\n\n<li><a href=\"https:\/\/www.eduardalentorn.com\/dr\/wp-content\/uploads\/2024\/11\/RECONSTRUCAO-DO-LIGAMENTO-CRUZADO-ANTERIOR-QUE-TIPO-DE-ENXERTO-ESCOLHER_.docx.pdf\" target=\"_blank\" rel=\"noreferrer noopener\">Reconstru\u00e7\u00e3o do ligamento cruzado anterior que tipo de enxerto escolher?<\/a><\/li>\n\n\n\n<li><a href=\"https:\/\/www.eduardalentorn.com\/dr\/wp-content\/uploads\/2024\/11\/RECONSTRUCAO-DO-LIGAMENTO-CRUZADO-ANTERIOR-EM-CRIANCAS-ESQUELETO-IMATURO-EM-IDADE-CRESCENTE.docx.pdf\" target=\"_blank\" rel=\"noreferrer noopener\">Reconstru\u00e7\u00e3o do ligamento cruzado anterior em crian\u00e7as <\/a><\/li>\n\n\n\n<li><a href=\"https:\/\/www.eduardalentorn.com\/dr\/wp-content\/uploads\/2024\/11\/RECONSTRUCAO-DO-LIGAMENTO-CRUZADO-POSTERIOR.docx.pdf\" target=\"_blank\" rel=\"noreferrer noopener\">Reconstru\u00e7\u00e3o do ligamento cruzado posterior<\/a><\/li>\n\n\n\n<li><a href=\"https:\/\/www.eduardalentorn.com\/dr\/wp-content\/uploads\/2024\/11\/RECONSTRUCAO-DOS-LIGAMENTOS-COLATERAIS-DO-JOELHO.docx.pdf\" target=\"_blank\" rel=\"noreferrer noopener\">Reconstru\u00e7\u00e3o dos ligamentos colaterais do joelho<\/a><\/li>\n\n\n\n<li><a href=\"https:\/\/www.eduardalentorn.com\/dr\/wp-content\/uploads\/2024\/11\/REPARACAO-MENISCAL.docx.pdf\" target=\"_blank\" rel=\"noreferrer noopener\">Repara\u00e7\u00e3o meniscal<\/a><\/li>\n\n\n\n<li><a href=\"https:\/\/www.eduardalentorn.com\/dr\/wp-content\/uploads\/2024\/11\/TENHO-UMA-RUTURA-DO-MENISCO-PRECISO-DE-CIRURGIA_.docx.pdf\" target=\"_blank\" rel=\"noreferrer noopener\">Tenho uma ruptura do menisco, preciso de cirugia?<\/a><\/li>\n\n\n\n<li><a href=\"https:\/\/www.eduardalentorn.com\/dr\/wp-content\/uploads\/2024\/11\/TRANSPLANTE-MENISCUS.docx.pdf\" target=\"_blank\" rel=\"noreferrer noopener\">Transplante meniscus<\/a><\/li>\n<\/ul>\n<\/div><\/div>\n\n\n<div id=\"pl-gb1213-69f43c1a30b8a\"  class=\"panel-layout\" ><div id=\"pg-gb1213-69f43c1a30b8a-0\"  class=\"panel-grid panel-no-style\" ><div id=\"pgc-gb1213-69f43c1a30b8a-0-0\"  class=\"panel-grid-cell\" ><div id=\"panel-gb1213-69f43c1a30b8a-0-0-0\" class=\"widget_text so-panel widget widget_custom_html panel-first-child panel-last-child\" data-index=\"0\" ><div class=\"textwidget custom-html-widget\"><link rel=\"stylesheet\" href=\"https:\/\/maxcdn.bootstrapcdn.com\/bootstrap\/4.1.3\/css\/bootstrap.min.css\">\n   <link href=\"https:\/\/maxcdn.bootstrapcdn.com\/font-awesome\/4.7.0\/css\/font-awesome.min.css\" rel=\"stylesheet\">\n   <style>\n\/*FOOTER*\/\n\n.mainfooter {\n  background: #16222A;\n  background: -webkit-linear-gradient(59deg, #155a63, #16222A);\n  background: linear-gradient(59deg, #155adeg, #16222A);\n  color: white;\n  margin-top:2px;\n}\n\n.mainfooter h4 {\n\tfont-size: 1.375em;\n}\n\n.mainfooter a {\n  color: #fff;\n  font-size: 12px;\n  transition-duration: 0.2s;\n}\n\n.mainfooter a:hover {\n  color: #6EBEC9;\n  text-decoration: none;\n}\n\n.copy {\n  font-size: 10px;\n  padding: 0;\n  border-top: 1px solid #FFFFFF;\n}\n\n.footer-middle {\n  padding-top: 0.5em;\n  color: white;\n}\n\n\n\/*SOC\u0130AL \u0130CONS*\/\n\n\/* footer social icons *\/\n\nul.social-network {\n  list-style: none;\n  display: inline;\n  margin-left: 0 !important;\n  padding: 0;\n}\n\nul.social-network li {\n  display: inline;\n  margin: 0 2px;\n}\n\n\n\/* footer social icons *\/\n\n.social-network a.socialIcon:hover,\n.socialHoverClass {\n  color: #44BCDD;\n}\n\/*\n.social-circle li a {\n  display: inline-block;\n  position: relative;\n  margin: 0 auto 0 auto;\n  -moz-border-radius: 50%;\n  -webkit-border-radius: 50%;\n  border-radius: 50%;\n  text-align: center;\n  width: 30px;\n  height: 30px;\n  font-size: 15px;\n}\n*\/\n.social-circle li img {\n  margin: 0;\n  line-height: 30px;\n  text-align: center;\n}\n\n.social-circle li img {\n  display: inline-block;\n  position: relative;\n  margin: 0 auto 2px auto;\n  -moz-border-radius: 25%;\n  -webkit-border-radius: 25%;\n  border-radius: 25%;\n  text-align: center;\n  width: 25px;\n  height: 25px;\n  font-size: 15px;\n}\n\n.social-circle li a:hover i,\n.triggeredHover {\n  -moz-transform: rotate(360deg);\n  -webkit-transform: rotate(360deg);\n  -ms--transform: rotate(360deg);\n  transform: rotate(360deg);\n  -webkit-transition: all 0.2s;\n  -moz-transition: all 0.2s;\n  -o-transition: all 0.2s;\n  -ms-transition: all 0.2s;\n  transition: all 0.2s;\n}\n\n.social-circle li a:hover img,\n.triggeredHover {\n  -moz-transform: rotate(360deg);\n  -webkit-transform: rotate(360deg);\n  -ms--transform: rotate(360deg);\n  transform: rotate(360deg);\n  -webkit-transition: all 0.2s;\n  -moz-transition: all 0.2s;\n  -o-transition: all 0.2s;\n  -ms-transition: all 0.2s;\n  transition: all 0.2s;\n}\n\n.social-circle i {\n  color: #595959;\n  -webkit-transition: all 0.8s;\n  -moz-transition: all 0.8s;\n  -o-transition: all 0.8s;\n  -ms-transition: all 0.8s;\n  transition: all 0.8s;\n}\n\n\n\n.social-network a {\n  background-color: #F9F9F9;\n}\n\n.ic{\n\tfont-size: 16px;\n}\n\n@media only screen and (max-width: 600px) {\n  .copy {\n    margin-top: 15px;\n  }\n}\n\n\n   <\/style>\n   \n\n\n<div class=\"mainfooter\" role=\"contentinfo\">\n  <div class=\"footer-middle\">\n    <div class=\"container\">\n      <div class=\"row\">\n        <div class=\"col-md-3 col-sm-6\">\n          <div class=\"footer-pad\">\n            <ul class=\"list-unstyled\">\n              <h4>Eduard Alentorn Geli<\/h4>\n              <li><a target=\"_blank\" href=\"mailto:info@eduardalentorn.com\"><i class=\"fa fa-envelope ic\"><\/i> info@eduardalentorn.com<\/a><\/li>\n              <li><a target=\"_blank\" href=\"tel:+34938346450\"><i class=\"fa fa-phone ic\"><\/i> +34 613316752<\/a><\/li>\n            <\/ul>\n          <\/div>\n        <\/div>\n        <div class=\"col-md-3 col-sm-6\">\n          <div class=\"footer-pad\">\n            <h4>Lugares onde trabalho<\/h4>\n            <ul class=\"list-unstyled\">\n              <li><a href=\"https:\/\/www.mcf.cat\/\" target=\"_blank\" rel=\"noopener noreferrer\">Viu Salut<\/a><\/li>\n\t\t\t\t\t    <li><a href=\"https:\/\/www.mcf.cat\/\" target=\"_blank\" rel=\"noopener noreferrer\">Zona Wellness &#8211; The Aquatics Medical Center (CNAB)<\/a><\/li>\n            <\/ul>\n          <\/div>\n        <\/div>\n        <div class=\"col-md-3 col-sm-6\">\n          <div class=\"footer-pad\">\n            <h4>Links<\/h4>\n            <ul class=\"list-unstyled\">\n              <li><a href=\"https:\/\/www.eduardalentorn.com\/dr\/\" target=\"_blank\" rel=\"noopener noreferrer\">In\u00edcio<\/a><\/li>\n              <li><a href=\"https:\/\/www.eduardalentorn.com\/dr\/contacto\/\" target=\"_blank\" rel=\"noopener noreferrer\">Contato<\/a><\/li>\n              <li><a href=\"#\" target=\"_blank\" rel=\"noopener noreferrer\">Solicitar hor\u00e1rio<\/a><\/li>\n              <li><a href=\"#\" target=\"_blank\" rel=\"noopener noreferrer\">Locais e hor\u00e1rios<\/a><\/li>\n            <\/ul>\n          <\/div>\n        <\/div>\n        <div class=\"col-md-3\">\n          <h4>Nos siga<\/h4>\n           <ul class=\"social-network social-circle\">\n             <li><a href=\"https:\/\/www.facebook.com\/ealentorn\" target=\"_blank\" class=\"icoVumedi\"  title=\"facebook\"><img decoding=\"async\" src=\"https:\/\/www.eduardalentorn.com\/dr\/wp-content\/uploads\/2020\/04\/face.png\"><\/img><\/a><\/li>\n             <li><a href=\"https:\/\/twitter.com\/dralentorngeli?lang=es\" target=\"_blank\" class=\"icoVumedi\" title=\"twitter\"><img decoding=\"async\" src=\"https:\/\/www.eduardalentorn.com\/dr\/wp-content\/uploads\/2024\/11\/image-1.png\"><\/img><\/a><\/li>\n             <li><a href=\"https:\/\/es.linkedin.com\/in\/eduard-alentorn-geli-md-msc-phd-febot-facgme-38017742\" target=\"_blank\" class=\"icoVumedi\" title=\"linkedin\"><img decoding=\"async\" src=\"https:\/\/www.eduardalentorn.com\/dr\/wp-content\/uploads\/2020\/04\/link.png\"><\/img><\/a><\/li>\n             <li><a href=\"https:\/\/instagram.com\/dr.e.alentorn.geli?igshid=dgrgwa2kq3d6\" target=\"_blank\" class=\"icoVumedi\" title=\"instagram\"><img decoding=\"async\" src=\"https:\/\/www.eduardalentorn.com\/dr\/wp-content\/uploads\/2020\/04\/inst.png\"><\/img><\/a><\/li>\n             <li><a href=\"https:\/\/www.youtube.com\/channel\/UC6t1F6qZZ_evlXYvK_i0rtQ\" target=\"_blank\" class=\"icoVumedi\" title=\"youtube\"><img decoding=\"async\" src=\"https:\/\/www.eduardalentorn.com\/dr\/wp-content\/uploads\/2020\/04\/yout.png\"><\/img><\/a><\/li>\n             \n             <li><a href=\"https:\/\/www.vumedi.com\/video\/protesis-artroplastia-humeral-hombro-sin-vastago-dr-eduard-alentorn-geli-spanish\/\" target=\"_blank\" class=\"icoVumedi\" title=\"vumedi\"><img decoding=\"async\" src=\"https:\/\/www.eduardalentorn.com\/dr\/wp-content\/uploads\/2020\/04\/vumedi.png\"><\/img><\/a><\/li>\n             <li><a href=\"https:\/\/videosdemedicina.com\/\" target=\"_blank\" class=\"icoVumedi\" title=\"videos de medicos\"><img decoding=\"async\" src=\"https:\/\/www.eduardalentorn.com\/dr\/wp-content\/uploads\/2020\/04\/vidmed.png\"><\/img><\/a><\/li>\n            <\/ul>\t\t\t\t\n        <\/div>\n      <\/div>\n      <br>\n      <div class=\"row\">\n        <div class=\"col-md-12 copy\">\n          <p class=\"text-center\">\u00a9 Copyright 2020 &#8211; Este site foi criado por <a href=\"https:\/\/funhelps.com\" target=\"_blank\">Funhelps<\/a> &#8211; Todos os direitos reservados.<\/p>\n        <\/div>\n      <\/div>\n    <\/div>\n  <\/div>\n<\/div>\n<\/div><\/div><\/div><\/div><\/div>","protected":false},"excerpt":{"rendered":"<p>Cotovelo Em geral Ombro Joelho<\/p>\n","protected":false},"author":2,"featured_media":0,"parent":0,"menu_order":0,"comment_status":"closed","ping_status":"closed","template":"","meta":{"footnotes":""},"class_list":["post-1213","page","type-page","status-publish","hentry","post"],"rttpg_featured_image_url":null,"rttpg_author":{"display_name":"info info","author_link":"https:\/\/www.eduardalentorn.com\/dr\/author\/info\/"},"rttpg_comment":0,"rttpg_category":" <a href=\"https:\/\/www.eduardalentorn.com\/dr\/pt\/\" rel=\"tag\">Portugu\u00eas<\/a>","rttpg_excerpt":"Cotovelo Em geral Ombro Joelho","_links":{"self":[{"href":"https:\/\/www.eduardalentorn.com\/dr\/wp-json\/wp\/v2\/pages\/1213","targetHints":{"allow":["GET"]}}],"collection":[{"href":"https:\/\/www.eduardalentorn.com\/dr\/wp-json\/wp\/v2\/pages"}],"about":[{"href":"https:\/\/www.eduardalentorn.com\/dr\/wp-json\/wp\/v2\/types\/page"}],"author":[{"embeddable":true,"href":"https:\/\/www.eduardalentorn.com\/dr\/wp-json\/wp\/v2\/users\/2"}],"replies":[{"embeddable":true,"href":"https:\/\/www.eduardalentorn.com\/dr\/wp-json\/wp\/v2\/comments?post=1213"}],"version-history":[{"count":6,"href":"https:\/\/www.eduardalentorn.com\/dr\/wp-json\/wp\/v2\/pages\/1213\/revisions"}],"predecessor-version":[{"id":2403,"href":"https:\/\/www.eduardalentorn.com\/dr\/wp-json\/wp\/v2\/pages\/1213\/revisions\/2403"}],"wp:attachment":[{"href":"https:\/\/www.eduardalentorn.com\/dr\/wp-json\/wp\/v2\/media?parent=1213"}],"curies":[{"name":"wp","href":"https:\/\/api.w.org\/{rel}","templated":true}]}}