{"id":1219,"date":"2024-11-14T11:57:50","date_gmt":"2024-11-14T11:57:50","guid":{"rendered":"https:\/\/www.eduardalentorn.com\/dr\/?page_id=1219"},"modified":"2024-11-26T09:45:30","modified_gmt":"2024-11-26T09:45:30","slug":"bibliotheque-patient","status":"publish","type":"page","link":"https:\/\/www.eduardalentorn.com\/dr\/fr\/bibliotheque-patient\/","title":{"rendered":"Biblioth\u00e8que patient"},"content":{"rendered":"\n<div id=\"cuerpo\" class=\"wp-block-group\"><div class=\"wp-block-group__inner-container is-layout-constrained wp-block-group-is-layout-constrained\">\n<p>Coude<\/p>\n\n\n\n<ul class=\"wp-block-list\">\n<li><a href=\"https:\/\/www.eduardalentorn.com\/dr\/wp-content\/uploads\/2024\/11\/ARTHROSCOPIE-DU-COUDE.docx.pdf\" data-type=\"link\" data-id=\"https:\/\/www.eduardalentorn.com\/dr\/wp-content\/uploads\/2024\/11\/ARTHROSCOPIE-DU-COUDE.docx.pdf\" target=\"_blank\" rel=\"noreferrer noopener\">Arthroscopie du coude<\/a><\/li>\n\n\n\n<li><a href=\"https:\/\/www.eduardalentorn.com\/dr\/wp-content\/uploads\/2024\/11\/EPICONDYLITE-ET-EPITROCHLEITE.docx.pdf\" data-type=\"link\" data-id=\"https:\/\/www.eduardalentorn.com\/dr\/wp-content\/uploads\/2024\/11\/EPICONDYLITE-ET-EPITROCHLEITE.docx.pdf\" target=\"_blank\" rel=\"noreferrer noopener\">\u00c9picondylite et \u00e9pitrochl\u00e9ite<\/a><\/li>\n\n\n\n<li><a href=\"https:\/\/www.eduardalentorn.com\/dr\/wp-content\/uploads\/2024\/11\/INSTABILITE-DU-COUDE.docx.pdf\" data-type=\"link\" data-id=\"https:\/\/www.eduardalentorn.com\/dr\/wp-content\/uploads\/2024\/11\/INSTABILITE-DU-COUDE.docx.pdf\" target=\"_blank\" rel=\"noreferrer noopener\">Instabilit\u00e9 du coude<\/a><\/li>\n\n\n\n<li><a href=\"https:\/\/www.eduardalentorn.com\/dr\/wp-content\/uploads\/2024\/11\/TRAITEMENT-DE-LARTHROSE-DU-COUDE.docx.pdf\" data-type=\"link\" data-id=\"https:\/\/www.eduardalentorn.com\/dr\/wp-content\/uploads\/2024\/11\/TRAITEMENT-DE-LARTHROSE-DU-COUDE.docx.pdf\" target=\"_blank\" rel=\"noreferrer noopener\">Traitement de l&#8217;arthrose du coude <\/a><\/li>\n\n\n\n<li><a href=\"https:\/\/www.eduardalentorn.com\/dr\/wp-content\/uploads\/2024\/11\/TRAITEMENT-DE-LA-RAIDEUR-DU-COUDE.docx.pdf\" data-type=\"link\" data-id=\"https:\/\/www.eduardalentorn.com\/dr\/wp-content\/uploads\/2024\/11\/TRAITEMENT-DE-LA-RAIDEUR-DU-COUDE.docx.pdf\" target=\"_blank\" rel=\"noreferrer noopener\">Traitement de la raideur du coude <\/a><\/li>\n\n\n\n<li><a href=\"https:\/\/www.eduardalentorn.com\/dr\/wp-content\/uploads\/2024\/11\/TRAITEMENT-DES-LESIONS-DU-CARTILAGE-DU-COUDE.docx.pdf\" data-type=\"link\" data-id=\"https:\/\/www.eduardalentorn.com\/dr\/wp-content\/uploads\/2024\/11\/TRAITEMENT-DES-LESIONS-DU-CARTILAGE-DU-COUDE.docx.pdf\" target=\"_blank\" rel=\"noreferrer noopener\">Traitement des l\u00e9sions du cartilage du coude<\/a><\/li>\n<\/ul>\n\n\n\n<p>G\u00e9n\u00e9ral<\/p>\n\n\n\n<ul class=\"wp-block-list\">\n<li><a href=\"https:\/\/www.eduardalentorn.com\/dr\/wp-content\/uploads\/2024\/11\/COMMENT-CHOISIR-UN-BON-TRAUMATOLOGUE_.docx.pdf\" data-type=\"link\" data-id=\"https:\/\/www.eduardalentorn.com\/dr\/wp-content\/uploads\/2024\/11\/COMMENT-CHOISIR-UN-BON-TRAUMATOLOGUE_.docx.pdf\" target=\"_blank\" rel=\"noreferrer noopener\">Comment choisir un bon traumatologue<\/a><\/li>\n\n\n\n<li><a href=\"https:\/\/www.eduardalentorn.com\/dr\/wp-content\/uploads\/2024\/11\/LES-INFILTRATIONS-EN-TRAUMATOLOGIE.-De-quoi-sagit-il-et-a-quoi-servent-ils_.docx.pdf\" data-type=\"link\" data-id=\"https:\/\/www.eduardalentorn.com\/dr\/wp-content\/uploads\/2024\/11\/LES-INFILTRATIONS-EN-TRAUMATOLOGIE.-De-quoi-sagit-il-et-a-quoi-servent-ils_.docx.pdf\" target=\"_blank\" rel=\"noreferrer noopener\">Les infiltrations en traumatologie<\/a><\/li>\n\n\n\n<li><a href=\"https:\/\/www.eduardalentorn.com\/dr\/wp-content\/uploads\/2024\/11\/QUELLES-SONT-LES-CHOSES-LES-PLUS-IMPORTANTES-LORS-DUNE-VISITE-MEDICALE-_.docx.pdf\" data-type=\"link\" data-id=\"https:\/\/www.eduardalentorn.com\/dr\/wp-content\/uploads\/2024\/11\/QUELLES-SONT-LES-CHOSES-LES-PLUS-IMPORTANTES-LORS-DUNE-VISITE-MEDICALE-_.docx.pdf\" target=\"_blank\" rel=\"noreferrer noopener\">Quelles son les choses les plus importantes lors d&#8217;une visite medicale<\/a><\/li>\n<\/ul>\n\n\n\n<p>\u00c9paule<\/p>\n\n\n\n<ul class=\"wp-block-list\">\n<li><a href=\"https:\/\/www.eduardalentorn.com\/dr\/wp-content\/uploads\/2024\/11\/CAPSULITE-RETRACTILE-ET-EPAULE-GELEE.-QUEST-CE-QUE-CEST-ET-COMMENT-EST-IL-TRAITE_.docx.pdf\" data-type=\"link\" data-id=\"https:\/\/www.eduardalentorn.com\/dr\/wp-content\/uploads\/2024\/11\/CAPSULITE-RETRACTILE-ET-EPAULE-GELEE.-QUEST-CE-QUE-CEST-ET-COMMENT-EST-IL-TRAITE_.docx.pdf\" target=\"_blank\" rel=\"noreferrer noopener\">Capsulite r\u00e9tractile et \u00e9paule gel\u00e9e<\/a><\/li>\n\n\n\n<li><a href=\"https:\/\/www.eduardalentorn.com\/dr\/wp-content\/uploads\/2024\/11\/DECHIRURE-DE-LA-COIFFE-DES-ROTATEURS-TYPES-TRAITEMENT-ET-PREVENTION.docx.pdf\" data-type=\"link\" data-id=\"https:\/\/www.eduardalentorn.com\/dr\/wp-content\/uploads\/2024\/11\/DECHIRURE-DE-LA-COIFFE-DES-ROTATEURS-TYPES-TRAITEMENT-ET-PREVENTION.docx.pdf\" target=\"_blank\" rel=\"noreferrer noopener\">D\u00e9chirure de la coiffe des rotateurs: type, traitement et pr\u00e9vention<\/a><\/li>\n\n\n\n<li><a href=\"https:\/\/www.eduardalentorn.com\/dr\/wp-content\/uploads\/2024\/11\/INSTABILITE-DE-LEPAULE-TYPES-ET-TRAITEMENT.docx.pdf\" data-type=\"link\" data-id=\"https:\/\/www.eduardalentorn.com\/dr\/wp-content\/uploads\/2024\/11\/INSTABILITE-DE-LEPAULE-TYPES-ET-TRAITEMENT.docx.pdf\" target=\"_blank\" rel=\"noreferrer noopener\">Instabilit\u00e9 de l&#8217;\u00e9paule: types et traitement<\/a><\/li>\n\n\n\n<li><a href=\"https:\/\/www.eduardalentorn.com\/dr\/wp-content\/uploads\/2024\/11\/JAI-MAL-A-LEPAULE-QUEST-CE-QUE-JAI_-CAUSES-DE-LA-DOULEUR-A-LEPAULE.docx.pdf\" data-type=\"link\" data-id=\"https:\/\/www.eduardalentorn.com\/dr\/wp-content\/uploads\/2024\/11\/JAI-MAL-A-LEPAULE-QUEST-CE-QUE-JAI_-CAUSES-DE-LA-DOULEUR-A-LEPAULE.docx.pdf\" target=\"_blank\" rel=\"noreferrer noopener\">J&#8217;Ai Mal \u00e0 l&#8217;\u00e9paule, qu&#8217;est-ce que j&#8217;ai?<\/a><\/li>\n\n\n\n<li><a href=\"https:\/\/www.eduardalentorn.com\/dr\/wp-content\/uploads\/2024\/11\/JAI-UN-TENDON-DE-LEPAULE-DECHIRE-AI-JE-BESOIN-DUNE-INTERVENTION-CHIRURGICALE_.docx.pdf\" data-type=\"link\" data-id=\"https:\/\/www.eduardalentorn.com\/dr\/wp-content\/uploads\/2024\/11\/JAI-UN-TENDON-DE-LEPAULE-DECHIRE-AI-JE-BESOIN-DUNE-INTERVENTION-CHIRURGICALE_.docx.pdf\" target=\"_blank\" rel=\"noreferrer noopener\">J&#8217;ai un tendon de l&#8217;\u00e9paule  d\u00e9chire, ai-je besoin d&#8217;une intervention chirurgicale?<\/a><\/li>\n\n\n\n<li><a href=\"https:\/\/www.eduardalentorn.com\/dr\/wp-content\/uploads\/2024\/11\/PROTHESES-DEPAULE-POUR-LE-TRAITEMENT-DE-LARTHROSE.docx.pdf\" data-type=\"link\" data-id=\"https:\/\/www.eduardalentorn.com\/dr\/wp-content\/uploads\/2024\/11\/PROTHESES-DEPAULE-POUR-LE-TRAITEMENT-DE-LARTHROSE.docx.pdf\" target=\"_blank\" rel=\"noreferrer noopener\">Proth\u00e8ses d&#8217;\u00e9paule pour le traitement de l&#8217;arthrose<\/a><\/li>\n\n\n\n<li><a href=\"https:\/\/www.eduardalentorn.com\/dr\/wp-content\/uploads\/2024\/11\/READAPTATION-ET-PREVENTION-DES-BLESSURES-A-LEPAULE.docx.pdf\" data-type=\"link\" data-id=\"https:\/\/www.eduardalentorn.com\/dr\/wp-content\/uploads\/2024\/11\/READAPTATION-ET-PREVENTION-DES-BLESSURES-A-LEPAULE.docx.pdf\" target=\"_blank\" rel=\"noreferrer noopener\">R\u00e9adaptation et pr\u00e9vention des blessures \u00e0 l&#8217;\u00e9paule<\/a><\/li>\n\n\n\n<li><a href=\"https:\/\/www.eduardalentorn.com\/dr\/wp-content\/uploads\/2024\/11\/SYNDROME-DE-CONFLIT-SOUS-ACROMIAL-DE-LEPAULE-QUEST-CE-QUE-CEST-_-COMMENT-LE-TRAITER_-COMMENT-LA-PREVENIR_.docx.pdf\" data-type=\"link\" data-id=\"https:\/\/www.eduardalentorn.com\/dr\/wp-content\/uploads\/2024\/11\/SYNDROME-DE-CONFLIT-SOUS-ACROMIAL-DE-LEPAULE-QUEST-CE-QUE-CEST-_-COMMENT-LE-TRAITER_-COMMENT-LA-PREVENIR_.docx.pdf\" target=\"_blank\" rel=\"noreferrer noopener\">Syndrome de conflit sous-acromial de l&#8217;epaule<\/a><\/li>\n\n\n\n<li><a href=\"https:\/\/www.eduardalentorn.com\/dr\/wp-content\/uploads\/2024\/11\/TENDINITE-CALCIFIANTE-DE-LEPAULE.docx.pdf\" data-type=\"link\" data-id=\"https:\/\/www.eduardalentorn.com\/dr\/wp-content\/uploads\/2024\/11\/TENDINITE-CALCIFIANTE-DE-LEPAULE.docx.pdf\" target=\"_blank\" rel=\"noreferrer noopener\">Tendinite calcifiante de l&#8217;\u00e9paule<\/a><\/li>\n\n\n\n<li><a href=\"https:\/\/www.eduardalentorn.com\/dr\/wp-content\/uploads\/2024\/11\/TRAITEMENTS-BIOLOGIQUES-DE-LEPAULE.docx.pdf\" data-type=\"link\" data-id=\"https:\/\/www.eduardalentorn.com\/dr\/wp-content\/uploads\/2024\/11\/TRAITEMENTS-BIOLOGIQUES-DE-LEPAULE.docx.pdf\" target=\"_blank\" rel=\"noreferrer noopener\">Traitements biologiques de l&#8217;\u00e9paule<\/a><\/li>\n<\/ul>\n\n\n\n<p>Genou<\/p>\n\n\n\n<ul class=\"wp-block-list\">\n<li><a href=\"https:\/\/www.eduardalentorn.com\/dr\/wp-content\/uploads\/2024\/11\/FACTEURS-DE-RISQUE-DE-RUPTURE-DU-LIGAMENT-CROISE-ANTERIEUR.docx.pdf\" data-type=\"link\" data-id=\"https:\/\/www.eduardalentorn.com\/dr\/wp-content\/uploads\/2024\/11\/FACTEURS-DE-RISQUE-DE-RUPTURE-DU-LIGAMENT-CROISE-ANTERIEUR.docx.pdf\" target=\"_blank\" rel=\"noreferrer noopener\">Facteurs de risque de rupture du ligament crois\u00e9 ant\u00e9rieur<\/a><\/li>\n\n\n\n<li><a href=\"https:\/\/www.eduardalentorn.com\/dr\/wp-content\/uploads\/2024\/11\/GREFFE-DE-MENISCUS.docx.pdf\" data-type=\"link\" data-id=\"https:\/\/www.eduardalentorn.com\/dr\/wp-content\/uploads\/2024\/11\/GREFFE-DE-MENISCUS.docx.pdf\" target=\"_blank\" rel=\"noreferrer noopener\">Greffe de m\u00e9niscus<\/a><\/li>\n\n\n\n<li><a href=\"https:\/\/www.eduardalentorn.com\/dr\/wp-content\/uploads\/2024\/11\/JAI-UNE-DECHIRURE-DU-MENISQUE-AI-JE-BESOIN-DUNE-INTERVENTION-CHIRURGICALE_.docx.pdf\" data-type=\"link\" data-id=\"https:\/\/www.eduardalentorn.com\/dr\/wp-content\/uploads\/2024\/11\/JAI-UNE-DECHIRURE-DU-MENISQUE-AI-JE-BESOIN-DUNE-INTERVENTION-CHIRURGICALE_.docx.pdf\" target=\"_blank\" rel=\"noreferrer noopener\">J&#8217;ai une d\u00e9chirure du m\u00e9nisque, ai-je besoin d&#8217;une intervention chirurgicale<\/a>?<\/li>\n\n\n\n<li><a href=\"https:\/\/www.eduardalentorn.com\/dr\/wp-content\/uploads\/2024\/11\/LESION-DU-LIGAMENT-CROISE-ANTERIEUR.docx.pdf\" data-type=\"link\" data-id=\"https:\/\/www.eduardalentorn.com\/dr\/wp-content\/uploads\/2024\/11\/LESION-DU-LIGAMENT-CROISE-ANTERIEUR.docx.pdf\" target=\"_blank\" rel=\"noreferrer noopener\">L\u00e8sion du ligament crois\u00e9 ant\u00e9rieur<\/a><\/li>\n\n\n\n<li><a href=\"https:\/\/www.eduardalentorn.com\/dr\/wp-content\/uploads\/2024\/11\/LESIONS-DU-MENISQUE-TYPES-ET-TRAITEMENT.docx.pdf\" data-type=\"link\" data-id=\"https:\/\/www.eduardalentorn.com\/dr\/wp-content\/uploads\/2024\/11\/LESIONS-DU-MENISQUE-TYPES-ET-TRAITEMENT.docx.pdf\" target=\"_blank\" rel=\"noreferrer noopener\">L\u00e9sions du m\u00e8nisque: types et traitement<\/a><\/li>\n\n\n\n<li><a href=\"https:\/\/www.eduardalentorn.com\/dr\/wp-content\/uploads\/2024\/11\/READAPTATION-ET-PREVENTION-DES-BLESSURES-AU-GENOU.docx.pdf\" data-type=\"link\" data-id=\"https:\/\/www.eduardalentorn.com\/dr\/wp-content\/uploads\/2024\/11\/READAPTATION-ET-PREVENTION-DES-BLESSURES-AU-GENOU.docx.pdf\" target=\"_blank\" rel=\"noreferrer noopener\">R\u00e9adaptation et pr\u00e9vention des blessures au genou<\/a><\/li>\n\n\n\n<li><a href=\"https:\/\/www.eduardalentorn.com\/dr\/wp-content\/uploads\/2024\/11\/RECONSTRUCTION-DES-LIGAMENTS-COLLATERAUX-DU-GENOU.docx.pdf\" data-type=\"link\" data-id=\"https:\/\/www.eduardalentorn.com\/dr\/wp-content\/uploads\/2024\/11\/RECONSTRUCTION-DES-LIGAMENTS-COLLATERAUX-DU-GENOU.docx.pdf\" target=\"_blank\" rel=\"noreferrer noopener\">Reconstruction des ligaments collat\u00e9raux du genou<\/a><\/li>\n\n\n\n<li><a href=\"https:\/\/www.eduardalentorn.com\/dr\/wp-content\/uploads\/2024\/11\/RECONSTRUCTION-DU-LIGAMENT-CROISE-ANTERIEUR-CHEZ-LENFANT-SQUELETTE-IMMATURE-EN-CROISSANCE.docx.pdf\" data-type=\"link\" data-id=\"https:\/\/www.eduardalentorn.com\/dr\/wp-content\/uploads\/2024\/11\/RECONSTRUCTION-DU-LIGAMENT-CROISE-ANTERIEUR-CHEZ-LENFANT-SQUELETTE-IMMATURE-EN-CROISSANCE.docx.pdf\" target=\"_blank\" rel=\"noreferrer noopener\">Reconstruction du ligament crois\u00e9 ant\u00e9rieur chez l&#8217;enfant<\/a><\/li>\n\n\n\n<li><a href=\"https:\/\/www.eduardalentorn.com\/dr\/wp-content\/uploads\/2024\/11\/RECONSTRUCTION-DU-LIGAMENT-CROISE-ANTERIEUR.-QUEL-TYPE-DE-GREFFE-CHOISIR_.docx.pdf\" target=\"_blank\" rel=\"noreferrer noopener\">Reconstruction du ligament crois\u00e9 ant\u00e9rieur<\/a><\/li>\n\n\n\n<li><a href=\"https:\/\/www.eduardalentorn.com\/dr\/wp-content\/uploads\/2024\/11\/RECONSTRUCTION-DU-LIGAMENT-CROISE-POSTERIEUR.docx.pdf\" data-type=\"link\" data-id=\"https:\/\/www.eduardalentorn.com\/dr\/wp-content\/uploads\/2024\/11\/RECONSTRUCTION-DU-LIGAMENT-CROISE-POSTERIEUR.docx.pdf\" target=\"_blank\" rel=\"noreferrer noopener\">Reconstruction du ligament crois\u00e9 post\u00e9rieur<\/a><\/li>\n\n\n\n<li><a href=\"https:\/\/www.eduardalentorn.com\/dr\/wp-content\/uploads\/2024\/11\/REPARATION-MENISCALE.docx.pdf\" data-type=\"link\" data-id=\"https:\/\/www.eduardalentorn.com\/dr\/wp-content\/uploads\/2024\/11\/REPARATION-MENISCALE.docx.pdf\" target=\"_blank\" rel=\"noreferrer noopener\">R\u00e9paration m\u00e9niscale<\/a><\/li>\n<\/ul>\n<\/div><\/div>\n\n\n<div id=\"pl-gb1219-69f1d36073046\"  class=\"panel-layout\" ><div id=\"pg-gb1219-69f1d36073046-0\"  class=\"panel-grid panel-no-style\" ><div id=\"pgc-gb1219-69f1d36073046-0-0\"  class=\"panel-grid-cell\" ><div id=\"panel-gb1219-69f1d36073046-0-0-0\" class=\"widget_text so-panel widget widget_custom_html panel-first-child panel-last-child\" data-index=\"0\" ><div class=\"textwidget custom-html-widget\"><link rel=\"stylesheet\" href=\"https:\/\/maxcdn.bootstrapcdn.com\/bootstrap\/4.1.3\/css\/bootstrap.min.css\">\n   <link href=\"https:\/\/maxcdn.bootstrapcdn.com\/font-awesome\/4.7.0\/css\/font-awesome.min.css\" rel=\"stylesheet\">\n   <style>\n\/*FOOTER*\/\n\n.mainfooter {\n  background: #16222A;\n  background: -webkit-linear-gradient(59deg, #155a63, #16222A);\n  background: linear-gradient(59deg, #155adeg, #16222A);\n  color: white;\n  margin-top:2px;\n}\n\n.mainfooter h4 {\n\tfont-size: 1.375em;\n}\n\n.mainfooter a {\n  color: #fff;\n  font-size: 12px;\n  transition-duration: 0.2s;\n}\n\n.mainfooter a:hover {\n  color: #6EBEC9;\n  text-decoration: none;\n}\n\n.copy {\n  font-size: 10px;\n  padding: 0;\n  border-top: 1px solid #FFFFFF;\n}\n\n.footer-middle {\n  padding-top: 0.5em;\n  color: white;\n}\n\n\n\/*SOC\u0130AL \u0130CONS*\/\n\n\/* footer social icons *\/\n\nul.social-network {\n  list-style: none;\n  display: inline;\n  margin-left: 0 !important;\n  padding: 0;\n}\n\nul.social-network li {\n  display: inline;\n  margin: 0 2px;\n}\n\n\n\/* footer social icons *\/\n\n.social-network a.socialIcon:hover,\n.socialHoverClass {\n  color: #44BCDD;\n}\n\/*\n.social-circle li a {\n  display: inline-block;\n  position: relative;\n  margin: 0 auto 0 auto;\n  -moz-border-radius: 50%;\n  -webkit-border-radius: 50%;\n  border-radius: 50%;\n  text-align: center;\n  width: 30px;\n  height: 30px;\n  font-size: 15px;\n}\n*\/\n.social-circle li img {\n  margin: 0;\n  line-height: 30px;\n  text-align: center;\n}\n\n.social-circle li img {\n  display: inline-block;\n  position: relative;\n  margin: 0 auto 2px auto;\n  -moz-border-radius: 25%;\n  -webkit-border-radius: 25%;\n  border-radius: 25%;\n  text-align: center;\n  width: 25px;\n  height: 25px;\n  font-size: 15px;\n}\n\n.social-circle li a:hover i,\n.triggeredHover {\n  -moz-transform: rotate(360deg);\n  -webkit-transform: rotate(360deg);\n  -ms--transform: rotate(360deg);\n  transform: rotate(360deg);\n  -webkit-transition: all 0.2s;\n  -moz-transition: all 0.2s;\n  -o-transition: all 0.2s;\n  -ms-transition: all 0.2s;\n  transition: all 0.2s;\n}\n\n.social-circle li a:hover img,\n.triggeredHover {\n  -moz-transform: rotate(360deg);\n  -webkit-transform: rotate(360deg);\n  -ms--transform: rotate(360deg);\n  transform: rotate(360deg);\n  -webkit-transition: all 0.2s;\n  -moz-transition: all 0.2s;\n  -o-transition: all 0.2s;\n  -ms-transition: all 0.2s;\n  transition: all 0.2s;\n}\n\n.social-circle i {\n  color: #595959;\n  -webkit-transition: all 0.8s;\n  -moz-transition: all 0.8s;\n  -o-transition: all 0.8s;\n  -ms-transition: all 0.8s;\n  transition: all 0.8s;\n}\n\n\n\n.social-network a {\n  background-color: #F9F9F9;\n}\n\n.ic{\n\tfont-size: 16px;\n}\n\n@media only screen and (max-width: 600px) {\n  .copy {\n    margin-top: 15px;\n  }\n}\n\n\n   <\/style>\n   \n\n\n<div class=\"mainfooter\" role=\"contentinfo\">\n  <div class=\"footer-middle\">\n    <div class=\"container\">\n      <div class=\"row\">\n        <div class=\"col-md-3 col-sm-6\">\n          <div class=\"footer-pad\">\n            <ul class=\"list-unstyled\">\n              <h4>Eduard Alentorn Geli<\/h4>\n              <li><a target=\"_blank\" href=\"mailto:info@eduardalentorn.com\"><i class=\"fa fa-envelope ic\"><\/i> info@eduardalentorn.com<\/a><\/li>\n              <li><a target=\"_blank\" href=\"tel:+34938346450\"><i class=\"fa fa-phone ic\"><\/i> +34 613316752<\/a><\/li>\n            <\/ul>\n          <\/div>\n        <\/div>\n        <div class=\"col-md-3 col-sm-6\">\n          <div class=\"footer-pad\">\n            <h4>Lieux o\u00f9 je travaille<\/h4>\n            <ul class=\"list-unstyled\">\n              <li><a href=\"https:\/\/www.mcf.cat\/\" target=\"_blank\" rel=\"noopener noreferrer\">Viu Salut<\/a><\/li>\n              <li><a href=\"https:\/\/www.mcf.cat\/\" target=\"_blank\" rel=\"noopener noreferrer\">Zona Wellness &#8211; The Aquatics Medical Center (CNAB)<\/a><\/li>\n            <\/ul>\n          <\/div>\n        <\/div>\n        <div class=\"col-md-3 col-sm-6\">\n          <div class=\"footer-pad\">\n            <h4>Liens<\/h4>\n            <ul class=\"list-unstyled\">\n              <li><a href=\"https:\/\/www.eduardalentorn.com\/dr\/\" target=\"_blank\" rel=\"noopener noreferrer\">Accueil<\/a><\/li>\n              <li><a href=\"https:\/\/www.eduardalentorn.com\/dr\/contacto\/\" target=\"_blank\" rel=\"noopener noreferrer\">Contact<\/a><\/li>\n              <li><a href=\"#\" target=\"_blank\" rel=\"noopener noreferrer\">Demander un rendez-vous<\/a><\/li>\n              <li><a href=\"#\" target=\"_blank\" rel=\"noopener noreferrer\">Emplacements et heures<\/a><\/li>\n            <\/ul>\n          <\/div>\n        <\/div>\n        <div class=\"col-md-3\">\n          <h4>Suivez-nous<\/h4>\n          <ul class=\"social-network social-circle\">\n             <li><a href=\"https:\/\/www.facebook.com\/ealentorn\" target=\"_blank\" class=\"icoVumedi\"  title=\"facebook\"><img decoding=\"async\" src=\"https:\/\/www.eduardalentorn.com\/dr\/wp-content\/uploads\/2020\/04\/face.png\"><\/img><\/a><\/li>\n             <li><a href=\"https:\/\/twitter.com\/dralentorngeli?lang=es\" target=\"_blank\" class=\"icoVumedi\" title=\"twitter\"><img decoding=\"async\" src=\"https:\/\/www.eduardalentorn.com\/dr\/wp-content\/uploads\/2024\/11\/image-1.png\"><\/img><\/a><\/li>\n             <li><a href=\"https:\/\/es.linkedin.com\/in\/eduard-alentorn-geli-md-msc-phd-febot-facgme-38017742\" target=\"_blank\" class=\"icoVumedi\" title=\"linkedin\"><img decoding=\"async\" src=\"https:\/\/www.eduardalentorn.com\/dr\/wp-content\/uploads\/2020\/04\/link.png\"><\/img><\/a><\/li>\n             <li><a href=\"https:\/\/instagram.com\/dr.e.alentorn.geli?igshid=dgrgwa2kq3d6\" target=\"_blank\" class=\"icoVumedi\" title=\"instagram\"><img decoding=\"async\" src=\"https:\/\/www.eduardalentorn.com\/dr\/wp-content\/uploads\/2020\/04\/inst.png\"><\/img><\/a><\/li>\n             <li><a href=\"https:\/\/www.youtube.com\/channel\/UC6t1F6qZZ_evlXYvK_i0rtQ\" target=\"_blank\" class=\"icoVumedi\" title=\"youtube\"><img decoding=\"async\" src=\"https:\/\/www.eduardalentorn.com\/dr\/wp-content\/uploads\/2020\/04\/yout.png\"><\/img><\/a><\/li>\n             \n             <li><a href=\"https:\/\/www.vumedi.com\/video\/protesis-artroplastia-humeral-hombro-sin-vastago-dr-eduard-alentorn-geli-spanish\/\" target=\"_blank\" class=\"icoVumedi\" title=\"vumedi\"><img decoding=\"async\" src=\"https:\/\/www.eduardalentorn.com\/dr\/wp-content\/uploads\/2020\/04\/vumedi.png\"><\/img><\/a><\/li>\n             <li><a href=\"https:\/\/videosdemedicina.com\/\" target=\"_blank\" class=\"icoVumedi\" title=\"videos de medicos\"><img decoding=\"async\" src=\"https:\/\/www.eduardalentorn.com\/dr\/wp-content\/uploads\/2020\/04\/vidmed.png\"><\/img><\/a><\/li>\n            <\/ul>\t\t\t\t\n        <\/div>\n      <\/div>\n      <br>\n      <div class=\"row\">\n        <div class=\"col-md-12 copy\">\n          <p class=\"text-center\">\u00a9 Copyright 2020 &#8211; Ce site a \u00e9t\u00e9 cr\u00e9\u00e9 par <a href=\"https:\/\/funhelps.com\" target=\"_blank\">Funhelps<\/a> &#8211; Tous droits r\u00e9serv\u00e9s.<\/p>\n        <\/div>\n      <\/div>\n    <\/div>\n  <\/div>\n<\/div>\n<\/div><\/div><\/div><\/div><\/div>","protected":false},"excerpt":{"rendered":"<p>Coude G\u00e9n\u00e9ral \u00c9paule Genou<\/p>\n","protected":false},"author":2,"featured_media":0,"parent":0,"menu_order":0,"comment_status":"closed","ping_status":"closed","template":"","meta":{"footnotes":""},"class_list":["post-1219","page","type-page","status-publish","hentry","post"],"rttpg_featured_image_url":null,"rttpg_author":{"display_name":"info info","author_link":"https:\/\/www.eduardalentorn.com\/dr\/author\/info\/"},"rttpg_comment":0,"rttpg_category":" <a href=\"https:\/\/www.eduardalentorn.com\/dr\/fr\/\" rel=\"tag\">Fran\u00e7ais<\/a>","rttpg_excerpt":"Coude G\u00e9n\u00e9ral \u00c9paule Genou","_links":{"self":[{"href":"https:\/\/www.eduardalentorn.com\/dr\/wp-json\/wp\/v2\/pages\/1219","targetHints":{"allow":["GET"]}}],"collection":[{"href":"https:\/\/www.eduardalentorn.com\/dr\/wp-json\/wp\/v2\/pages"}],"about":[{"href":"https:\/\/www.eduardalentorn.com\/dr\/wp-json\/wp\/v2\/types\/page"}],"author":[{"embeddable":true,"href":"https:\/\/www.eduardalentorn.com\/dr\/wp-json\/wp\/v2\/users\/2"}],"replies":[{"embeddable":true,"href":"https:\/\/www.eduardalentorn.com\/dr\/wp-json\/wp\/v2\/comments?post=1219"}],"version-history":[{"count":6,"href":"https:\/\/www.eduardalentorn.com\/dr\/wp-json\/wp\/v2\/pages\/1219\/revisions"}],"predecessor-version":[{"id":2341,"href":"https:\/\/www.eduardalentorn.com\/dr\/wp-json\/wp\/v2\/pages\/1219\/revisions\/2341"}],"wp:attachment":[{"href":"https:\/\/www.eduardalentorn.com\/dr\/wp-json\/wp\/v2\/media?parent=1219"}],"curies":[{"name":"wp","href":"https:\/\/api.w.org\/{rel}","templated":true}]}}