{"id":932,"date":"2020-04-03T10:22:47","date_gmt":"2020-04-03T10:22:47","guid":{"rendered":"https:\/\/www.eduardalentorn.com\/dr\/?page_id=932"},"modified":"2024-11-28T10:19:41","modified_gmt":"2024-11-28T10:19:41","slug":"mentors-3","status":"publish","type":"page","link":"https:\/\/www.eduardalentorn.com\/dr\/fr\/mentors-3\/","title":{"rendered":"Mentors"},"content":{"rendered":"<div id=\"pl-gb932-69f1d35429ca7\"  class=\"panel-layout\" ><div id=\"pg-gb932-69f1d35429ca7-0\"  class=\"panel-grid panel-no-style\" ><div id=\"pgc-gb932-69f1d35429ca7-0-0\"  class=\"panel-grid-cell\" ><div id=\"panel-gb932-69f1d35429ca7-0-0-0\" class=\"so-panel widget widget_sow-headline panel-first-child panel-last-child\" data-index=\"0\" ><div\n\t\t\t\n\t\t\tclass=\"so-widget-sow-headline so-widget-sow-headline-default-2a567a58f3f7-932\"\n\t\t\t\n\t\t><div class=\"sow-headline-container \">\n\t\t\t\t\t\t\t<h3 class=\"sow-headline\">\n\t\t\t\t\t\tMentors\t\t\t\t\t\t<\/h3>\n\t\t\t\t\t\t\t\t\t\t\t<div class=\"decoration\">\n\t\t\t\t\t\t<div class=\"decoration-inside\"><\/div>\n\t\t\t\t\t<\/div>\n\t\t\t\t\t<\/div>\n<\/div><\/div><\/div><\/div><div id=\"pg-gb932-69f1d35429ca7-1\"  class=\"panel-grid panel-no-style\" ><div id=\"pgc-gb932-69f1d35429ca7-1-0\"  class=\"panel-grid-cell panel-grid-cell-empty\" ><\/div><\/div><div id=\"pg-gb932-69f1d35429ca7-2\"  class=\"panel-grid panel-no-style\" ><div id=\"pgc-gb932-69f1d35429ca7-2-0\"  class=\"panel-grid-cell panel-grid-cell-empty\" ><\/div><\/div><div id=\"pg-gb932-69f1d35429ca7-3\"  class=\"panel-grid panel-no-style\" ><div id=\"pgc-gb932-69f1d35429ca7-3-0\"  class=\"panel-grid-cell panel-grid-cell-empty panel-grid-cell-mobile-last\" ><\/div><div id=\"pgc-gb932-69f1d35429ca7-3-1\"  class=\"panel-grid-cell panel-grid-cell-empty\" ><\/div><\/div><\/div>\n\n\n<div id=\"cuerpo\" class=\"wp-block-group\"><div class=\"wp-block-group__inner-container is-layout-constrained wp-block-group-is-layout-constrained\">\n<p><strong>MENTORS<\/strong><\/p>\n\n\n\n<p>La m\u00e9decine est un art qui s&#8217;apprend par un travail individuel et collectif, mais en grande partie gr\u00e2ce \u00e0 un nombre infini de mentors que l&#8217;on a tout au long de la vie. Il n&#8217;y a pas assez de mots pour exprimer l&#8217;immense gratitude que je ressens envers chacune et chacune des personnes qui ont contribu\u00e9, de pr\u00e8s ou de loin, \u00e0 ma formation. Je ne veux oublier personne, alors je remercie tout le personnel enseignant des universit\u00e9s o\u00f9 j&#8217;ai \u00e9tudi\u00e9, et tout le personnel li\u00e9 \u00e0 tous les h\u00f4pitaux que j&#8217;ai visit\u00e9s ou avec lesquels j&#8217;ai travaill\u00e9 : \u00e9tudiants en m\u00e9decine, r\u00e9sidents, boursiers, m\u00e9decins traitants, physioth\u00e9rapeutes, infirmi\u00e8res, auxiliaires, personnel administratif, etc.<\/p>\n\n\n\n<p>Il y a un certain nombre de personnes qui ont contribu\u00e9 de mani\u00e8re tr\u00e8s significative \u00e0 ma formation et que je consid\u00e8re comme mes mentors. Le mot \u00ab mentor \u00bb \u00e9voque l&#8217;image de quelqu&#8217;un qui guide, soutient et partage sa sagesse avec une autre personne sur son chemin de croissance. Il s&#8217;agit d&#8217;un lien sp\u00e9cial, o\u00f9 le mentor offre non seulement des connaissances, mais aussi de l&#8217;empathie et de la compr\u00e9hension.<\/p>\n\n\n\n<p>Un mentor est cette lumi\u00e8re en p\u00e9riode d&#8217;incertitude, quelqu&#8217;un qui croit en vous m\u00eame lorsque vous doutez. C&#8217;est un compagnon de voyage qui vous inspire \u00e0 surmonter les obstacles, c\u00e9l\u00e8bre vos r\u00e9alisations et vous aide \u00e0 apprendre de vos \u00e9checs. La relation est profond\u00e9ment humaine ; Elle est fond\u00e9e sur la confiance et le respect mutuel, et peut transformer des vies. Essentiellement, un mentor est une lueur d&#8217;espoir et un refuge \u00e9motionnel, vous permettant d&#8217;\u00eatre la meilleure version de vous-m\u00eame.<\/p>\n\n\n\n<p><strong>ESPAGNE<\/strong><\/p>\n\n\n\n<p>Ma formation en Espagne a permis d&#8217;\u00e9veiller mon int\u00e9r\u00eat pour la chirurgie du genou, de l&#8217;\u00e9paule et du coude et d&#8217;\u00e9tablir des connaissances de base pour acqu\u00e9rir plus tard de plus grandes comp\u00e9tences diagnostiques et th\u00e9rapeutiques aux \u00c9tats-Unis. Bien que la majeure partie de ma formation en chirurgie articulaire provienne de ma formation aux \u00c9tats-Unis, il y a d&#8217;innombrables mentors et des personnes tr\u00e8s importantes dans ma carri\u00e8re qui appartiennent \u00e0 ma formation nationale et dont il faut se souvenir.<\/p>\n\n\n\n<p><strong>Ram\u00f3n Cugat Bertomeu<\/strong><\/p>\n\n\n\n<p>Ram\u00f3n Cugat Bertomeu est un chirurgien orthop\u00e9dique et traumatologue de renom, sp\u00e9cialis\u00e9 dans la m\u00e9decine sportive, en particulier la chirurgie du genou. Il est connu pour son innovation dans les techniques chirurgicales arthroscopiques et pour son int\u00e9r\u00eat pour la r\u00e9cup\u00e9ration fonctionnelle des athl\u00e8tes. Cugat a \u00e9t\u00e9 un pionnier dans l&#8217;utilisation des th\u00e9rapies biologiques (PRP ou facteurs de croissance), le d\u00e9veloppement de protocoles de r\u00e9\u00e9ducation et de pr\u00e9vention des blessures, et ses travaux ont eu un impact positif sur les performances sportives, notamment dans le monde du football. Il a publi\u00e9 de nombreux articles de recherche dans des revues scientifiques et intervient fr\u00e9quemment lors de conf\u00e9rences internationales. De plus, il a collabor\u00e9 avec des \u00e9quipes d&#8217;\u00e9lite, contribuant aux soins et au traitement des athl\u00e8tes professionnels.<\/p>\n\n\n\n<p>Son bureau est un mus\u00e9e de remerciements de c\u00e9l\u00e9brit\u00e9s et d&#8217;athl\u00e8tes d&#8217;\u00e9lite trait\u00e9s dans son cabinet. Il est sans aucun doute l&#8217;un des meilleurs traumatologues que j&#8217;ai jamais rencontr\u00e9s pour sa m\u00e9thodologie, sa m\u00e9ticulosit\u00e9, sa pr\u00e9cision diagnostique, ses comp\u00e9tences chirurgicales et son traitement humain du patient. Je l&#8217;ai rencontr\u00e9 lorsque j&#8217;\u00e9tais \u00e9tudiant en 2005 et j&#8217;ai rapidement \u00e9t\u00e9 impressionn\u00e9 par sa fa\u00e7on de faire. Il est actuellement directeur de l&#8217;Institut Cugat, co-directeur de la soci\u00e9t\u00e9 Arthroscopia GC, SL et pr\u00e9sident du conseil consultatif m\u00e9dical de la Mutuelle catalane des footballeurs, entre autres fonctions.<\/p>\n\n\n\n<figure class=\"wp-block-image\"><img decoding=\"async\" src=\"https:\/\/lh7-rt.googleusercontent.com\/docsz\/AD_4nXfkWuohueyFouDvw1IcRCxwS6jDtYbbp1-ct4ooGEukzfbqvAJeBA8H687Bfsmiq_Xs6fVBagdelil_FAqM2FsCVnX7G72_EsnWJLHkOIFRSpaRKxrYtPfL7zRj00v6aCaEUtfxk4rp05QyH0RmYC0?key=hpLhjPDuzzATVkh3Jw5ijEHJ\" alt=\"\"\/><\/figure>\n\n\n\n<p><strong>Xavier Espiga Tugas<\/strong><\/p>\n\n\n\n<p>Le Dr Xavier Espiga est traumatologue et chirurgien orthop\u00e9dique sp\u00e9cialis\u00e9 dans la chirurgie du coude. Je l&#8217;ai rencontr\u00e9 \u00e0 l&#8217;H\u00f4pital del Mar i l&#8217;Esperan\u00e7a pendant ma sp\u00e9cialit\u00e9. Il a \u00e9t\u00e9 mon premier mentor et la personne qui a suscit\u00e9 mon int\u00e9r\u00eat pour la pathologie du coude. Expert national et international dans cette articulation, le Dr Espiga m&#8217;a enseign\u00e9 les bases diagnostiques et chirurgicales de la pathologie du coude dans un premier temps, puis des comp\u00e9tences diagnostiques-th\u00e9rapeutiques plus avanc\u00e9es au fur et \u00e0 mesure que j&#8217;avan\u00e7ais dans ma sp\u00e9cialit\u00e9. C&#8217;est sans aucun doute une personne tr\u00e8s sp\u00e9ciale pour moi et l&#8217;un de ces mentors que l&#8217;on souhaite toujours avoir tout au long de sa carri\u00e8re.<\/p>\n\n\n\n<figure class=\"wp-block-image\"><img decoding=\"async\" src=\"https:\/\/lh7-rt.googleusercontent.com\/docsz\/AD_4nXfIn_B3VdQbfvdnnEUfOC19CZiWQ-hLbu_N5Q1_7SsoHp_zdYz_GAEIrUjIdmEphLNq7jUYU9BstlcqQM5Q3dxyb-ZpnX9FaQt-YIv_9zzZvC1UTOpjeWkv1w6wow3d0rfQWUwC1KUo_Onvm38moA?key=hpLhjPDuzzATVkh3Jw5ijEHJ\" alt=\"\"\/><\/figure>\n\n\n\n<p><strong>Carlos Torrens C\u00e1novas<\/strong><\/p>\n\n\n\n<p>Le Dr Carlos Torrens est un sp\u00e9cialiste reconnu et prestigieux en chirurgie orthop\u00e9dique et en traumatologie de l&#8217;\u00e9paule au niveau national et international. J&#8217;ai eu le privil\u00e8ge de travailler avec lui pendant ma sp\u00e9cialit\u00e9. Il a \u00e9t\u00e9 mon premier mentor en chirurgie de l&#8217;\u00e9paule ouverte et j&#8217;ai beaucoup appris de lui sur le diagnostic et le traitement chirurgical de la pathologie traumatique et d\u00e9g\u00e9n\u00e9rative de l&#8217;\u00e9paule. Il est l&#8217;un des traumatologues espagnols ayant le plus grand volume de recherches sur l&#8217;\u00e9paule, ce qui a sans aucun doute contribu\u00e9 de mani\u00e8re significative \u00e0 ma formation de chercheur dans ce domaine.<\/p>\n\n\n\n<figure class=\"wp-block-image\"><img decoding=\"async\" src=\"https:\/\/lh7-rt.googleusercontent.com\/docsz\/AD_4nXdIj78Zgv-5490KmIbmL5E7nCgaYkzN4tfvpmmTXJr7LURzXbzKDW9CzU9Rhje24Vm4nlnoPjpZ9qTpP29RvpwFNO0q-UdZcoQ7GqMoDjEHJ9CbZT-wzL7GA42AxN8sACkC0ao5AgaxQxT09VslPg?key=hpLhjPDuzzATVkh3Jw5ijEHJ\" alt=\"\"\/><\/figure>\n\n\n\n<p><strong>Fernando Santana P\u00e9rez<\/strong><\/p>\n\n\n\n<p>Le Dr Santana est un traumatologue et un chirurgien orthop\u00e9dique sp\u00e9cialis\u00e9 dans la chirurgie ouverte et arthroscopique de l&#8217;\u00e9paule. Il a \u00e9t\u00e9 un excellent mentor pendant la sp\u00e9cialit\u00e9 et la personne qui m&#8217;a enseign\u00e9 les bases de l&#8217;arthroscopie de l&#8217;\u00e9paule. Le Dr Santana est un excellent professeur et a contribu\u00e9 \u00e0 susciter mon int\u00e9r\u00eat pour l&#8217;arthroscopie de l&#8217;\u00e9paule. Le Dr Santana a \u00e9t\u00e9 pr\u00e9sident de la Soci\u00e9t\u00e9 espagnole de chirurgie de l&#8217;\u00e9paule et du coude (SECHC) et auteur de nombreuses recherches scientifiques li\u00e9es \u00e0 l&#8217;\u00e9paule.<\/p>\n\n\n\n<figure class=\"wp-block-image\"><img decoding=\"async\" src=\"https:\/\/lh7-rt.googleusercontent.com\/docsz\/AD_4nXcSv8aW5npTGuGFOmerj_rOAsWPj3N6XOp9z5zb-ZRVnBo5tT9jO8lOct2YT0EA7HDRfQ8ul23Vtbu3OPoyOeiY4Ay_u7a1k8zsHRhKSJTaWQltutvO21rJuHTg-aubCui0GCyXMgaryDzwpTQogQ?key=hpLhjPDuzzATVkh3Jw5ijEHJ\" alt=\"\"\/><\/figure>\n\n\n\n<p><strong>Joan Leal Blanquet<\/strong><\/p>\n\n\n\n<p>Le Dr Leal est traumatologue et chirurgien orthop\u00e9dique du genou qui travaille en tant que chef de service \u00e0 la Fondation Altaia (Manresa) et \u00e0 la clinique Tres Torres. J&#8217;ai eu le privil\u00e8ge de rencontrer et de travailler avec cet excellent chirurgien et cette excellente personne pendant mon s\u00e9jour dans la sp\u00e9cialit\u00e9. J&#8217;ai beaucoup appris de lui lors de la chirurgie ouverte du genou et il est sans aucun doute un mentor de r\u00e9f\u00e9rence. Actuellement, le Dr Leal est une personne importante et tr\u00e8s active au sein de la Soci\u00e9t\u00e9 espagnole de chirurgie du genou (SEROD), dont il a r\u00e9cemment \u00e9t\u00e9 le pr\u00e9sident. Son parcours comprend des formations dans des centres prestigieux et une solide exp\u00e9rience dans les techniques d&#8217;arthroscopie et de reconstruction. Leal a contribu\u00e9 \u00e0 la recherche sur les l\u00e9sions m\u00e9niscales et ligamentaires ainsi que sur les proth\u00e8ses de genou, publiant de nombreux articles dans des revues scientifiques renomm\u00e9es. Il a particip\u00e9 \u00e0 des conf\u00e9rences internationales, partageant ses innovations et ses protocoles de r\u00e9adaptation. Leur engagement \u00e0 l&#8217;\u00e9gard de l&#8217;\u00e9ducation et de la formation de nouveaux sp\u00e9cialistes a jou\u00e9 un r\u00f4le cl\u00e9 dans l&#8217;avancement du domaine.<\/p>\n\n\n\n<figure class=\"wp-block-image\"><img decoding=\"async\" src=\"https:\/\/lh7-rt.googleusercontent.com\/docsz\/AD_4nXcGv2fdnTWdH0HG9Y3ui0g0zi8tlWhtWLqvfbXHawPKJdBQ63xZx4OLXHX5S4EiPrLfsziRobZPfLZcdw4teE4xskX07n8wG1xkhHv3yqIK7ClU7oiHrAcM379RhafWo-tHNuypfuHa0Dn6sqgV4AY?key=hpLhjPDuzzATVkh3Jw5ijEHJ\" alt=\"\"\/><\/figure>\n\n\n\n<p><strong>L&#8217;EUROPE ET LES \u00c9TATS-UNIS<\/strong><\/p>\n\n\n\n<p><strong>J\u00f3n Karlsson<\/strong><\/p>\n\n\n\n<p>Le Dr Karlsson est professeur, chirurgien orthop\u00e9dique et traumatologue \u00e0 l&#8217;Universit\u00e9 de G\u00f6teborg, o\u00f9 il a occup\u00e9 le poste de chef de service. Il a \u00e9t\u00e9 r\u00e9dacteur en chef de Knee Surgery, Sports Traumatology, and Arthroscopy (KSSTA) pendant de nombreuses ann\u00e9es, la revue de traumatologie sportive la plus importante en Europe et l&#8217;une des meilleures au monde. Le Dr Karlsson a \u00e9t\u00e9 le mentor le plus important pour moi en termes de recherche, et quelqu&#8217;un qui m&#8217;a beaucoup aid\u00e9 dans ma carri\u00e8re.<\/p>\n\n\n\n<figure class=\"wp-block-image\"><img decoding=\"async\" src=\"https:\/\/lh7-rt.googleusercontent.com\/docsz\/AD_4nXcmRHCcfBk-afP0D33TflvpwuuKzzxk9NlCzBdSOlhuabQ4o8_U5sKGZ2mqqbRVluqVtL8dD1wCJip51HRX7xRqLcQIPCDADTxBXZSETt0eOCgodXTvG0RfFOle2V5vICQHTFKzPIs9vormBBEvVnE?key=hpLhjPDuzzATVkh3Jw5ijEHJ\" alt=\"\"\/><\/figure>\n\n\n\n<p><strong>Volker Musahl<\/strong><\/p>\n\n\n\n<p>Le Dr Musahl est chirurgien orthop\u00e9dique et traumatologue \u00e0 l&#8217;Universit\u00e9 de Pittsburgh, et disciple du Dr Fu (EPD). Il a effectu\u00e9 sa formation postdoctorale en traumatologie sportive \u00e0 l&#8217;H\u00f4pital de chirurgie sp\u00e9ciale. Il est directeur m\u00e9dical du complexe sportif Rooney de l&#8217;universit\u00e9, directeur du programme de bourses, codirecteur du laboratoire de robotique de l&#8217;universit\u00e9 et co-chef des services m\u00e9dicaux du d\u00e9partement des sports de l&#8217;universit\u00e9. Il a \u00e9t\u00e9 un excellent mentor pour moi en traumatologie sportive et c&#8217;est quelqu&#8217;un dont j&#8217;ai l&#8217;un de mes meilleurs souvenirs de mon s\u00e9jour aux \u00c9tats-Unis.<\/p>\n\n\n\n<figure class=\"wp-block-image\"><img decoding=\"async\" src=\"https:\/\/lh7-rt.googleusercontent.com\/docsz\/AD_4nXcTcEKy9ncZEKnaaaz0PWBULyedtIZwkIjfITmsx3Y1XMMBZzVP-SltkNqV1oqs5v6BwxUZLe2nuyUw3hyK8Vuooy3C-QmfPBgYS1rrTcEZDd09nTsIQrxKH7KwTk9sBd5rAZtFQJRRBm1fb8l-sys?key=hpLhjPDuzzATVkh3Jw5ijEHJ\" alt=\"\"\/><\/figure>\n\n\n\n<p><strong>William E. Garrett<\/strong><\/p>\n\n\n\n<p>Le Dr Garrett (EPD) a \u00e9t\u00e9 pendant plus de 40 ans chirurgien orthop\u00e9diste et traumatologue \u00e0 l&#8217;Universit\u00e9 Duke, ancien pr\u00e9sident de l&#8217;American Orthopaedic Society for Sports Medicine, auteur d&#8217;innombrables articles scientifiques, chapitres de livres et r\u00e9cipiendaire d&#8217;innombrables prix et reconnaissances. Je l&#8217;ai rencontr\u00e9 lors de l&#8217;ann\u00e9e de formation accr\u00e9dit\u00e9e que j&#8217;ai suivie en traumatologie du sport. Le Dr Garrett est l&#8217;un de mes mentors les plus sp\u00e9ciaux, comme il l&#8217;\u00e9tait pour beaucoup de mes pairs \u00e0 l&#8217;Universit\u00e9 Duke. C&#8217;est lui qui m&#8217;a le plus appris, avec le Dr John P. Albright, une bonne anamn\u00e8se, l&#8217;examen physique du genou et le traitement du patient. Le Dr Garrett m&#8217;a toujours fait beaucoup confiance lorsqu&#8217;il s&#8217;est agi de m&#8217;enseigner la chirurgie du genou et il est l&#8217;un de ceux que j&#8217;ai le plus appris sur le traitement chirurgical des blessures au genou. Il sera toujours quelqu&#8217;un de tr\u00e8s sp\u00e9cial pour moi.<\/p>\n\n\n\n<figure class=\"wp-block-image\"><img decoding=\"async\" src=\"https:\/\/lh7-rt.googleusercontent.com\/docsz\/AD_4nXdACs9GqdaxgrOm5vqMEciLfH8STHMbl7A4tK976y_k00OnOruPYGtV0cz6358sBzsTXrGr7AsA0dSQSe_y0dGUlvvOSBXtRyOF9jlGwFweoeIDlWR9D3mhrsqEAmcJcXlyjS_ZPIk7lOcNS1csP6c?key=hpLhjPDuzzATVkh3Jw5ijEHJ\" alt=\"\"\/><\/figure>\n\n\n\n<p><strong>Doyen C. Taylor<\/strong><\/p>\n\n\n\n<p>Le Dr Dean Taylor est un chirurgien orthop\u00e9dique et un chirurgien orthop\u00e9dique sp\u00e9cialis\u00e9 dans les blessures \u00e0 l&#8217;\u00e9paule et au genou. Il a \u00e9t\u00e9 pendant de nombreuses ann\u00e9es directeur du programme de bourses en traumatologie sportive et \u00e9galement ancien pr\u00e9sident de l&#8217;American Orthopaedic Society for Sports Medicine. Il a \u00e9t\u00e9 l&#8217;une des personnes qui ont pari\u00e9 sur moi pour occuper l&#8217;une des places dans son programme de formation accr\u00e9dit\u00e9 et, donc, sans aucun doute, quelqu&#8217;un de tr\u00e8s important dans ma carri\u00e8re. Je le consid\u00e8re comme l&#8217;un des chirurgiens les plus qualifi\u00e9s que j&#8217;aie jamais rencontr\u00e9s et un grand clinicien et chercheur. Pour moi, le Dr Taylor est un v\u00e9ritable leader et quelqu&#8217;un de tr\u00e8s sp\u00e9cial dans ma carri\u00e8re. Il ne peut en \u00eatre autrement pour quelqu&#8217;un qui m&#8217;a toujours ouvert les portes de sa maison.<\/p>\n\n\n\n<figure class=\"wp-block-image\"><img decoding=\"async\" src=\"https:\/\/lh7-rt.googleusercontent.com\/docsz\/AD_4nXfTHcgS_Y-iQVhTBeEre2cyVcqlwQNvx0CpjwBMbsNixOuFb2Wdan8MG547OSEkD7eJ4PW6AgAo4tUyXb7e9E6dfyz788oed04IeY8VR6ASaG59oVMLw7qYRfJukZfXZuKkkFtUP2S41j3NfXm2h5w?key=hpLhjPDuzzATVkh3Jw5ijEHJ\" alt=\"Doyen C. Taylor pour les sports\"\/><\/figure>\n\n\n\n<p><strong>Joaqu\u00edn S\u00e1nchez-Sotelo<\/strong><\/p>\n\n\n\n<p>Le Dr Sanchez-Sotelo est chirurgien orthop\u00e9dique et traumatologue \u00e0 la Mayo Clinic de Rochester, dans le Minnesota. Il est sp\u00e9cialiste de l&#8217;\u00e9paule et du coude et directeur du programme de bourses de recherche en chirurgie reconstructive de l&#8217;\u00e9paule et du coude. Le Dr S\u00e1nchez-Sotelo a \u00e9t\u00e9 l&#8217;une des personnes les plus importantes pour moi pour deux raisons tr\u00e8s claires : 1) pour m&#8217;avoir fait confiance et pari\u00e9 sur moi pour une place (parmi 50 candidats) de la bourse accr\u00e9dit\u00e9e \u00e0 la Mayo Clinic sur la chirurgie reconstructive de l&#8217;\u00e9paule et du coude ; et 2) pour ses \u00e9normes enseignements dans les cas complexes de l&#8217;\u00e9paule et du coude. Je pense que c&#8217;est l&#8217;une des personnes les plus intelligentes et les plus sages que j&#8217;aie jamais rencontr\u00e9es. Il est vraiment l&#8217;un de mes mentors les plus importants et \u00e0 qui je serai \u00e9ternellement reconnaissant.<\/p>\n\n\n\n<figure class=\"wp-block-image\"><img decoding=\"async\" src=\"https:\/\/lh7-rt.googleusercontent.com\/docsz\/AD_4nXehTSgcbAHrzxgV0v1g9U2LDtdF62kxIlwrcmnTxPGv0tLUwbrysURj_FZZ3zmHqUvqZ7tch4AjeonSankRWu40Ux5stVhc6FgzJJxhd_SSx9hC4HME2wAZlQOGD0KhHxUU5u77lUSz4DtMyQilwg?key=hpLhjPDuzzATVkh3Jw5ijEHJ\" alt=\"Joaquin Sanchez-Sotelo, M.D., Ph.D. - M\u00e9decins et personnel m\u00e9dical - Mayo Clinic\"\/><\/figure>\n\n\n\n<p><strong>Bassem T. Elhassan<\/strong><\/p>\n\n\n\n<p>Le Dr Elhassan est un chirurgien orthop\u00e9dique et traumatologue, qui travaille actuellement au Massachusetts General Hospital (Universit\u00e9 Harvard), mais depuis de nombreuses ann\u00e9es \u00e0 la Mayo Clinic de Rochester. Il est principalement engag\u00e9 dans une chirurgie complexe de l&#8217;\u00e9paule. En plus d&#8217;\u00eatre une personne formidable, le Dr Elhassan est un grand chirurgien et sans aucun doute l&#8217;une de mes r\u00e9f\u00e9rences en pathologie de l&#8217;\u00e9paule. Je le consid\u00e8re comme l&#8217;un de mes meilleurs mentors en raison de son traitement personnel et de ses enseignements, et c&#8217;est quelqu&#8217;un dont j&#8217;ai un souvenir sp\u00e9cial et une certaine gratitude. Je pense qu&#8217;il est l&#8217;une de ces personnes que tout homme bon m\u00e9rite de rencontrer dans la vie.<\/p>\n\n\n\n<figure class=\"wp-block-image\"><img decoding=\"async\" src=\"https:\/\/lh7-rt.googleusercontent.com\/docsz\/AD_4nXcNNfCIrgtw9bO5HLOh7hX-8L_MjhScJU3EG4Qq8b02fypVKI9TaJDiL9wSHbzuKloT681TKTAWLL_UHl0Qg41bGMZdDoA93cUe_Y6tXBFcI7LV8z4Kh4pm7p5DnUH2w1tk4tPGCqTqJ-jAkAlaxpQ?key=hpLhjPDuzzATVkh3Jw5ijEHJ\" alt=\"MASSACHUSETTS GENERAL HOSPITAL D\u00c9PARTEMENT DE CHIRURGIE ORTHOP\u00c9DIQUE GRAND ROUNDS Bassem T. Elhassan, MD &quot;Gestion du complexe\"\/><\/figure>\n\n\n\n<p><strong>Shawn O&#8217;Driscoll<\/strong><\/p>\n\n\n\n<p>Le Dr Shawn O&#8217;Driscoll a r\u00e9cemment pris sa retraite de sa pratique clinique et chirurgicale en tant que chirurgien orthop\u00e9dique et traumatologue \u00e0 la Mayo Clinic, tout en conservant des r\u00f4les d&#8217;enseignement et de recherche. C&#8217;est un chirurgien sp\u00e9cialis\u00e9 dans la chirurgie du coude, des cas les plus simples aux cas tr\u00e8s complexes. Il est l&#8217;un de mes meilleurs mentors en pathologie du coude et la personne la plus d\u00e9vou\u00e9e \u00e0 l&#8217;enseignement que j&#8217;aie jamais rencontr\u00e9e. Pratiquement tout ce que je sais sur l&#8217;arthroscopie du coude \u00e0 mes d\u00e9buts, c&#8217;est gr\u00e2ce \u00e0 lui. C&#8217;est un autre des m\u00e9decins dont j&#8217;ai le plus agr\u00e9able souvenir, et quelqu&#8217;un qui occupera aussi une place sp\u00e9ciale en moi pour toujours, pour les exp\u00e9riences et les apprentissages qu&#8217;il a appartenus \u00e0 ses c\u00f4t\u00e9s. Il ne peut en \u00eatre autrement pour quelqu&#8217;un qui m&#8217;a toujours ouvert les portes de sa maison.<\/p>\n\n\n\n<figure class=\"wp-block-image\"><img decoding=\"async\" src=\"https:\/\/lh7-rt.googleusercontent.com\/docsz\/AD_4nXeS_51JnQNmbz5FK3pl1bfWUs45V3_8Rm_0gmNtIp6v0dbKflpHTfXj6Fxc7FbvhRV8AWEBMqQo1hthiAJSvDaM6mNeKDCx0ofokkWdtMnARN-TEuPoly92weeCh6PpCrBCek5IMl6bfvQ-TgGW6ag?key=hpLhjPDuzzATVkh3Jw5ijEHJ\" alt=\"Professeur Shawn W. O'Driscoll \u2013 arabelbow.com\"\/><\/figure>\n\n\n\n<p><strong>John W. Sperling<\/strong><\/p>\n\n\n\n<p>Le Dr Sperling est un chirurgien orthop\u00e9dique et un traumatologue de l&#8217;\u00e9paule qui travaille \u00e0 la Mayo Clinic dans le Minnesota. C&#8217;est un chirurgien tr\u00e8s efficace et comp\u00e9tent qui se sp\u00e9cialise dans les remplacements de l&#8217;\u00e9paule. La plus grande contribution \u00e0 ma formation a sans aucun doute \u00e9t\u00e9 au niveau de l&#8217;implantation de ces proth\u00e8ses, tant pour leur qualit\u00e9 chirurgicale que pour leur volume \u00e9lev\u00e9. Le Dr Sperling est une personne qui g\u00e8re et optimise tr\u00e8s bien son temps de travail, et aussi dans cet aspect, c&#8217;est quelqu&#8217;un qui m&#8217;a beaucoup marqu\u00e9. De plus, il m&#8217;a toujours fait beaucoup confiance au bloc op\u00e9ratoire pour ses cas, aussi bien simples que complexes. Sans aucun doute, quelqu&#8217;un de tr\u00e8s important dans ce domaine de ma formation.<\/p>\n\n\n\n<figure class=\"wp-block-image\"><img decoding=\"async\" src=\"https:\/\/lh7-rt.googleusercontent.com\/docsz\/AD_4nXfmZGf71dUUzpKu1zItiJXh2-qX95-2cIYKkGkbeuzdhBNLNgJ8LDNShLbvx6ilPYB2j0ZBpm-6DmGZ-rlM2yx8jnlTwWwHVMARrBGc5fNbbc2OIqt6d5SHmU4a5g8RZ_aFH-5fqUb9fFsLUdYpaw?key=hpLhjPDuzzATVkh3Jw5ijEHJ\" alt=\"John W. Sperling, M.D. - Profils du corps professoral de la Mayo Clinic - Mayo Clinic Research\"\/><\/figure>\n\n\n\n<p><strong>Alison P. Toth<\/strong><\/p>\n\n\n\n<p>Le Dr Toth est un chirurgien orthop\u00e9dique et traumatologue de l&#8217;Universit\u00e9 Duke, actuellement directeur ex\u00e9cutif adjoint du D\u00e9partement de chirurgie orthop\u00e9dique et de traumatologie, avec qui j&#8217;ai eu la chance d&#8217;apprendre au cours de mon ann\u00e9e de formation accr\u00e9dit\u00e9e \u00e0 l&#8217;Universit\u00e9 Duke. D&#8217;elle, j&#8217;ai beaucoup appris sur le diagnostic et le traitement des blessures \u00e0 l&#8217;\u00e9paule et au genou, gr\u00e2ce \u00e0 son immense volume de patients, sa patience, ses comp\u00e9tences p\u00e9dagogiques et ses grandes prouesses chirurgicales. De plus, c&#8217;est une personne formidable qui m&#8217;a toujours ouvert les portes de sa maison.<\/p>\n\n\n\n<figure class=\"wp-block-image\"><img decoding=\"async\" src=\"https:\/\/lh7-rt.googleusercontent.com\/docsz\/AD_4nXcHmNDrrQc32c6e7cZ4STlsaa7zHCLtwDqwoL9_yAfhk-jNYNwOwy6kQEY7cassS8xvMxlgdD42fsgIkso52k9DDcYBKaLWzky7nDF_W30zdVl7aIXtxvh2Jv5xrjf4mprgPhdJP1-Uzzbi8fwq-NI?key=hpLhjPDuzzATVkh3Jw5ijEHJ\" alt=\"Alison P. Toth, MD - M\u00e9decin du sport \u00e0 Durham, Caroline du Nord | MD.com\"\/><\/figure>\n\n\n\n<p><strong>John P. Albright<\/strong><\/p>\n\n\n\n<p>Le Dr Albright est un chirurgien orthop\u00e9dique du sport sp\u00e9cialis\u00e9 en chirurgie du genou de l&#8217;Universit\u00e9 de l&#8217;Iowa que j&#8217;ai eu le plaisir et le privil\u00e8ge de rencontrer pendant mon s\u00e9jour \u00e0 l&#8217;Universit\u00e9 de l&#8217;Iowa. Il est l&#8217;une des personnes les plus importantes dans ma formation en tant qu&#8217;\u00e9tudiant aux \u00c9tats-Unis. Il a \u00e9t\u00e9 un v\u00e9ritable mentor pour son d\u00e9vouement \u00e0 ma formation, mais aussi pour \u00eatre un exemple de bon m\u00e9decin et chirurgien, comp\u00e9tent et humain.<\/p>\n\n\n\n<figure class=\"wp-block-image\"><img decoding=\"async\" src=\"https:\/\/lh7-rt.googleusercontent.com\/docsz\/AD_4nXeIpbm-41DlyCk4QcOuUq8Wg1FMRCNI8moAhjlr8fuOtFcrnq6h76_gQqY2GbjtoCSeH4FJzQ-gdDln7O_7qb8Mf-Vv-G5IG3SfkKWTK8i-MRAr-bwzCZiv3IBoYLafiVtvK8lLNL3MYXD5gVjyFGc?key=hpLhjPDuzzATVkh3Jw5ijEHJ\" alt=\"\"\/><\/figure>\n\n\n\n<p><strong>Dr Edward G. McFarland<\/strong><\/p>\n\n\n\n<p>Le Dr McFarland est chirurgien de l&#8217;\u00e9paule et du coude et professeur \u00e0 la prestigieuse Universit\u00e9 Johns Hopkins de Bartimore, dans le Maryland. Il est directeur de la Division de chirurgie de l&#8217;\u00e9paule et ancien vice-pr\u00e9sident du D\u00e9partement de chirurgie orthop\u00e9dique et de traumatologie de la m\u00eame universit\u00e9. Il est sans aucun doute l&#8217;un des meilleurs experts de l&#8217;\u00e9paule et du coude de la c\u00f4te Est des \u00c9tats-Unis et un mentor dont j&#8217;ai beaucoup appris lorsque j&#8217;\u00e9tais \u00e9tudiant. Gr\u00e2ce \u00e0 lui, j&#8217;ai jet\u00e9 les bases d&#8217;un examen physique complet de l&#8217;\u00e9paule et j&#8217;ai aussi appris beaucoup de choses en salle d&#8217;op\u00e9ration. Il a \u00e9t\u00e9 nomm\u00e9 parmi les meilleurs m\u00e9decins des \u00c9tats-Unis.<\/p>\n\n\n\n<figure class=\"wp-block-image\"><img decoding=\"async\" src=\"https:\/\/lh7-rt.googleusercontent.com\/docsz\/AD_4nXeWmJA5wjqa1Yv5oKI8Oz7hHCElFMQqD_-YdXWEe5htlncIALywY-Lipl-JVXT2kkWGpjB0Fu5xH3VyB5AIjjNovv10cUfhe91_M7wOVelrlAFIwG5FFMzrAKIa361l5uuSFunL1BK8EmdagdnEKA?key=hpLhjPDuzzATVkh3Jw5ijEHJ\" alt=\"Pr\u00e9sentations Global Link par Edward G McFarland, MD, FAAOS\"\/><\/figure>\n\n\n\n<p><strong>D&#8217;AUTRES PERSONNES TR\u00c8S IMPORTANTES DANS MA FORMATION<\/strong><\/p>\n\n\n\n<p>Il y a beaucoup de gens qui ont contribu\u00e9 de mani\u00e8re tr\u00e8s significative \u00e0 ma formation, et qui m\u00e9ritent un remerciement tr\u00e8s sp\u00e9cial. Il s&#8217;agirait, par ordre chronologique, des m\u00e9decins suivants :<\/p>\n\n\n\n<p><strong>ESPAGNE<\/strong><\/p>\n\n\n\n<p><strong>Paco Biosca Estella<\/strong><\/p>\n\n\n\n<p>Paco Biosca Estella est un sp\u00e9cialiste de premier plan en chirurgie orthop\u00e9dique et en traumatologie, reconnu pour ses contributions \u00e0 la m\u00e9decine du sport. Il a jou\u00e9 un r\u00f4le central dans la recherche et le traitement des blessures sportives, avec un accent particulier sur la chirurgie du genou et de l&#8217;\u00e9paule. Au cours de sa carri\u00e8re, il a publi\u00e9 des articles dans des revues scientifiques et particip\u00e9 \u00e0 des conf\u00e9rences internationales, o\u00f9 il a partag\u00e9 son exp\u00e9rience des techniques chirurgicales avanc\u00e9es. De plus, il a collabor\u00e9 avec des \u00e9quipes sportives, am\u00e9liorant la r\u00e9adaptation et la pr\u00e9vention des blessures. En particulier, il convient de souligner son r\u00f4le pertinent dans les \u00e9quipes de football en tant que chef des services m\u00e9dicaux de l&#8217;U.E. Lleida, du Shakhtar Donetsk et du Chelsea FC. Son engagement dans la formation de nouveaux professionnels dans le domaine a \u00e9t\u00e9 essentiel au d\u00e9veloppement de la sp\u00e9cialit\u00e9. Le Dr Paco Biosca \u00e9tait mon professeur d&#8217;anatomie \u00e0 l&#8217;INEFC et l&#8217;une des personnes qui ont \u00e9veill\u00e9 en moi un int\u00e9r\u00eat pour la m\u00e9decine.<\/p>\n\n\n\n<figure class=\"wp-block-image\"><img decoding=\"async\" src=\"https:\/\/lh7-rt.googleusercontent.com\/docsz\/AD_4nXc8FQDqiFBLkzCJdsAj0BFHQmkUS0jeQ-Sb9iskX2y6ALu_rtWu9cp5FBPmVF_LJ6FEG1Nrj4QBziUVOAzxZfJkrdgX__HghQMnsPeLDcho-fQLL7pbAJy31VuYG7__uDo3KVdO8gZI5tIhZWbtke0?key=hpLhjPDuzzATVkh3Jw5ijEHJ\" alt=\"\"\/><\/figure>\n\n\n\n<p><strong>Xavier Peirau Ter\u00e9s<\/strong><\/p>\n\n\n\n<p>Le Dr Peirau est un docteur europ\u00e9en en m\u00e9decine et en chirurgie, un sp\u00e9cialiste en \u00e9ducation physique et en m\u00e9decine du sport, un baccalaur\u00e9at en \u00e9ducation physique, une formation en m\u00e9decine et biologie du sport et un master en r\u00e9adaptation sportive et pr\u00e9vention des blessures dans le football. Il est membre du corps professoral de l&#8217;INEFC-Lleida depuis 30 ans. Il est actuellement directeur de l&#8217;INEFC-Lleida, directeur de l&#8217;unit\u00e9 de m\u00e9decine sportive de l&#8217;h\u00f4pital de Montserrat, \u00e0 Lleida, et responsable de la m\u00e9decine sportive \u00e0 l&#8217;Institut de th\u00e9rapie tissulaire r\u00e9g\u00e9n\u00e9rative. Le Dr Peirau \u00e9tait mon professeur \u00e0 l&#8217;INEFC et un m\u00e9decin qui m&#8217;a personnellement soign\u00e9 pour une blessure pendant ma carri\u00e8re d&#8217;athl\u00e8te. Avec lui, j&#8217;ai fait la connaissance du centre europ\u00e9en de r\u00e9adaptation et de r\u00e9adaptation des athl\u00e8tes \u00e0 Capbreton, en France. Sans aucun doute, une autre personne importante dans ma formation et dans le chemin que j&#8217;allais finir par prendre.<\/p>\n\n\n\n<figure class=\"wp-block-image\"><img decoding=\"async\" src=\"https:\/\/lh7-rt.googleusercontent.com\/docsz\/AD_4nXf_Gj7VfPFRnhsA2Y9VSVSNrRm7HRWZkzfrgHCLBrFxMHXNRk1hZgennOF4YEDmY_KsgVhzvjj0g0p-M4-3ZH1MP1sv6akLhRnJ2Ywzc7_mlJ3h6tw7MWW0VYm_8FsOXjFh_w_NdxlbnJ6uXwrbeSw?key=hpLhjPDuzzATVkh3Jw5ijEHJ\" alt=\"\"\/><\/figure>\n\n\n\n<p><strong>Santiago Suso Vergara<\/strong><\/p>\n\n\n\n<p>Le Dr Santiago Suso \u00e9tait mon professeur de chirurgie orthop\u00e9dique et de traumatologie \u00e0 la Facult\u00e9 de m\u00e9decine de l&#8217;Universit\u00e9 de Barcelone (Hospital Cl\u00ednic). Bien que la traumatologie ait \u00e9t\u00e9 ma passion pendant de nombreuses ann\u00e9es, il a sans aucun doute contribu\u00e9 \u00e0 promouvoir mon int\u00e9r\u00eat pour ce domaine de la m\u00e9decine. Le Dr Suso \u00e9tait \u00e0 l&#8217;\u00e9poque professeur et chef du service de chirurgie orthop\u00e9dique et de traumatologie de l&#8217;h\u00f4pital clinique, puis directeur de l&#8217;Institut clinique des sp\u00e9cialit\u00e9s m\u00e9dicales et chirurgicales (ICEMEQ).<\/p>\n\n\n\n<figure class=\"wp-block-image\"><img decoding=\"async\" src=\"https:\/\/lh7-rt.googleusercontent.com\/docsz\/AD_4nXcOHeNUs2ps3Fa7ftL_s1HsM1jWKBC10EfAuOZn5Qo2DVIY9Iq_MHZMS4huwCW7rPem9U9-xp3ubxPWW4jRgsOCNggt7-nV0_CTI_XsAr9sPBrsaJU6zTH4NdCgoz-f5sq0EwVRomo84jKDUGP6WJU?key=hpLhjPDuzzATVkh3Jw5ijEHJ\" alt=\"\"\/><\/figure>\n\n\n\n<p><strong>Enric C\u00e1ceres Palou<\/strong><\/p>\n\n\n\n<p>Le Dr C\u00e1ceres est un traumatologue et un chirurgien orthop\u00e9dique sp\u00e9cialis\u00e9 dans la chirurgie de la colonne vert\u00e9brale. Il \u00e9tait chef de service \u00e0 l&#8217;H\u00f4pital del Mar i l&#8217;Esperan\u00e7a lorsque j&#8217;ai commenc\u00e9 la sp\u00e9cialit\u00e9, une \u00e9tape au cours de laquelle il a contribu\u00e9 \u00e0 ma formation. Il a \u00e9galement \u00e9t\u00e9 chef de service \u00e0 l&#8217;h\u00f4pital Vall d&#8217;Hebron, pr\u00e9sident de la Soci\u00e9t\u00e9 espagnole de chirurgie orthop\u00e9dique et de traumatologie (SECOT) et pr\u00e9sident de la F\u00e9d\u00e9ration europ\u00e9enne des associations nationales d&#8217;orthop\u00e9die et de traumatologie (EFORT). Il est \u00e9galement professeur de traumatologie et de chirurgie orthop\u00e9dique et de traumatologie \u00e0 l&#8217;Universit\u00e9 autonome de Catalogne. Il est maintenant \u00e0 la retraite.<\/p>\n\n\n\n<figure class=\"wp-block-image\"><img decoding=\"async\" src=\"https:\/\/lh7-rt.googleusercontent.com\/docsz\/AD_4nXeXEt57EX7OxQQLI_y0fZzdTfazD_GAK-FwnFcgYwELGWyIZdVTDN0MfCwgU1Xh8f1V7_hPNa4EazmeaPQIeehuj1osPx2ThY9j_hox9jxHwzau79PSl6awLL-Evfyk_uyaxyFPvGR3tQ8v28QYoPo?key=hpLhjPDuzzATVkh3Jw5ijEHJ\" alt=\"\"\/><\/figure>\n\n\n\n<p><strong>Llu\u00eds Puig Verdi\u00e9<\/strong><\/p>\n\n\n\n<p>Le Dr Puig a \u00e9t\u00e9 coordonnateur de service \u00e0 l&#8217;H\u00f4pital del Mar i l&#8217;Esperan\u00e7a pendant la majeure partie de ma sp\u00e9cialit\u00e9. C&#8217;est un chirurgien sp\u00e9cialis\u00e9 dans le remplacement des articulations du genou et de la hanche et d&#8217;une grande valeur d&#8217;un point de vue chirurgical et de recherche. Il m&#8217;a toujours tr\u00e8s bien trait\u00e9 pendant ma formation dans cet h\u00f4pital, et il a \u00e9t\u00e9 quelqu&#8217;un d&#8217;important \u00e0 ce moment-l\u00e0.<\/p>\n\n\n\n<figure class=\"wp-block-image\"><img decoding=\"async\" src=\"https:\/\/lh7-rt.googleusercontent.com\/docsz\/AD_4nXc4IMFc-QYwzHlkF6ie-aX4vPWwjzEEr7r2ruD5Q0btGJ6iv7Pfzxa0x1fHKxfDEh2AyTDzna5yNQ77IUVu_KDAOp4vnx26Ca5-n4rsCbxiOo_cP1dT7tPAIfpv00Opdsi5yAgXmx90ZMgBMnidTH4?key=hpLhjPDuzzATVkh3Jw5ijEHJ\" alt=\"\"\/><\/figure>\n\n\n\n<p><strong>Xavier Pelfort L\u00f3pez<\/strong><\/p>\n\n\n\n<p>Le Dr Pelfort est un chirurgien orthop\u00e9diste et un chirurgien orthop\u00e9dique sp\u00e9cialis\u00e9 dans la chirurgie sportive du genou. J&#8217;ai eu l&#8217;occasion de travailler avec lui lors de la sp\u00e9cialit\u00e9 et il est l&#8217;un de mes premiers mentors en chirurgie arthroscopique du genou. Pendant la p\u00e9riode o\u00f9 j&#8217;ai travaill\u00e9 avec lui, j&#8217;ai beaucoup appris sur le traitement chirurgical des blessures du m\u00e9nisque et des ligaments du genou. Il est actuellement chef de service au Parc Taul\u00ed \u00e0 Sabadell.&nbsp;<\/p>\n\n\n\n<figure class=\"wp-block-image\"><img decoding=\"async\" src=\"https:\/\/lh7-rt.googleusercontent.com\/docsz\/AD_4nXcVCtN2xlFcn-H2IGcfZpUIg_kZLFC6LyasPa8XxDMwLORFklYcWJOHJNHnrZhMsQCfzEMSjUWpVAdfaZu3T9AxDm-7IP0-iZuk4uVj84V2DFQ46Ma_aeIcHKL2xg6OCZnp2VZoms9GcnbcirwkNkc?key=hpLhjPDuzzATVkh3Jw5ijEHJ\" alt=\"\"\/><\/figure>\n\n\n\n<p><strong>Pedro Hinarejos G\u00f3mez<\/strong><\/p>\n\n\n\n<p>Le Dr Hinarejos est un traumatologue et chirurgien orthop\u00e9dique sp\u00e9cialis\u00e9 dans le genou qui travaille \u00e0 l&#8217;H\u00f4pital de l&#8217;Esperan\u00e7a, et que j&#8217;ai rencontr\u00e9 lors de mon s\u00e9jour en Sp\u00e9cialit\u00e9. Le Dr Hinarejos est un grand chirurgien et une tr\u00e8s bonne personne qui traite des cas vraiment complexes li\u00e9s \u00e0 la pathologie d\u00e9g\u00e9n\u00e9rative et proth\u00e9tique du genou. Il est un membre actif et important de la Soci\u00e9t\u00e9 espagnole de chirurgie du genou (SEROD) et l&#8217;auteur de nombreuses publications dans des revues internationales sur la chirurgie du genou.<\/p>\n\n\n\n<figure class=\"wp-block-image\"><img decoding=\"async\" src=\"https:\/\/lh7-rt.googleusercontent.com\/docsz\/AD_4nXfOfQdFaT8-VlUr2pvqsOzYhdU6Bve4NORJ0qtHXO1whMa37XIiRmP4n0ju26O4s0xU2aqKew14JDEm1qidE4NSAOI2nE05aPoqnBEeNmdFAdxgVEI6oPyL91Y9I3IMRaluEuxjGlPnCoQFNJcdKw?key=hpLhjPDuzzATVkh3Jw5ijEHJ\" alt=\"\"\/><\/figure>\n\n\n\n<p><strong>Ferran Montserrat Ram\u00f3n<\/strong><\/p>\n\n\n\n<p>Le Dr Montserrat est un traumatologue et un chirurgien orthop\u00e9dique sp\u00e9cialis\u00e9 dans la chirurgie du genou. Il a \u00e9t\u00e9 un excellent professeur pendant la sp\u00e9cialit\u00e9, et c&#8217;est un chirurgien dont j&#8217;ai appris de nombreux concepts et comp\u00e9tences chirurgicales, en particulier en ce qui concerne la pathologie f\u00e9moro-patellaire. C&#8217;est un professeur infatigable et m\u00e9rite donc une mention sp\u00e9ciale.<\/p>\n\n\n\n<figure class=\"wp-block-image\"><img decoding=\"async\" src=\"https:\/\/lh7-rt.googleusercontent.com\/docsz\/AD_4nXcwaJANDtPw6o6g6OkAegopJkqVgpNV8l40HOivq7S9l__tw9htH8Ssv4KOqxdaedL8O7xYIOHi0SP-tNfWqbP3VjROWbdK8xyVKMGq6Fq5vcWWNkKPrCLCZqAc4zUGmULZpCci6Y6XHaNBkZWCjiU?key=hpLhjPDuzzATVkh3Jw5ijEHJ\" alt=\"\"\/><\/figure>\n\n\n\n<p><strong>Joan Carles Monllau Garc\u00eda<\/strong><\/p>\n\n\n\n<p>Le Dr Monllau est traumatologue et chirurgien orthop\u00e9dique sp\u00e9cialis\u00e9 en traumatologie sportive. Il est actuellement chef de service \u00e0 l&#8217;H\u00f4pital del Mar i l&#8217;Esperan\u00e7a, poste qu&#8217;il occupait lorsque je terminais ma sp\u00e9cialit\u00e9. Le Dr Monllau \u00e9tait un grand patron \u00e0 tous points de vue, et en m\u00eame temps un grand professeur, un chirurgien talentueux dont j&#8217;ai aussi beaucoup appris bien que je ne l&#8217;aie rencontr\u00e9 que pendant quelques mois. Le Dr Monllau est un membre \u00e9minent de la Soci\u00e9t\u00e9 europ\u00e9enne de traumatologie du sport, de chirurgie du genou et d&#8217;arthroscopie (ESSKA), pr\u00e9sident actuel et auteur de nombreuses publications internationales dans les meilleures revues de la sp\u00e9cialit\u00e9.&nbsp;<\/p>\n\n\n\n<figure class=\"wp-block-image\"><img decoding=\"async\" src=\"https:\/\/lh7-rt.googleusercontent.com\/docsz\/AD_4nXe2XifyuFfduQ0ycnTNnBVsdYGHJU__7B8czAfl9n-Y2c5em7IGyCkGiUoiDu2sdFvxWsL-Y2WkAR3CSk6C0ht7IGkwvpCbhVt2le4y4DWo-poZ1DwKeVEJyqiIABvCvyWepqV-RV6snwcGnN13xMc?key=hpLhjPDuzzATVkh3Jw5ijEHJ\" alt=\"\"\/><\/figure>\n\n\n\n<p><strong>Samuel Antu\u00f1a Antu\u00f1a<\/strong><\/p>\n\n\n\n<p>Le Dr Antu\u00f1a est un traumatologue et un chirurgien orthop\u00e9dique sp\u00e9cialis\u00e9 dans la chirurgie de l&#8217;\u00e9paule et du coude. Il est actuellement chef d&#8217;unit\u00e9 \u00e0 l&#8217;h\u00f4pital de La Paz, o\u00f9 j&#8217;ai eu la chance et le privil\u00e8ge de pouvoir effectuer une rotation pendant ma sp\u00e9cialit\u00e9. Le Dr Antu\u00f1a est un v\u00e9ritable mentor et je le consid\u00e8re comme l&#8217;une des personnes qui a le plus influenc\u00e9 ma formation \u00e0 l&#8217;\u00e9paule et au coude au niveau espagnol. Il a \u00e9t\u00e9 pr\u00e9sident de la Soci\u00e9t\u00e9 espagnole de chirurgie de l&#8217;\u00e9paule et du coude (SECHC) et membre de la Soci\u00e9t\u00e9 nord-am\u00e9ricaine de chirurgie de l&#8217;\u00e9paule et du coude et de la Soci\u00e9t\u00e9 europ\u00e9enne de chirurgie de l&#8217;\u00e9paule et du coude.<\/p>\n\n\n\n<figure class=\"wp-block-image\"><img decoding=\"async\" src=\"https:\/\/lh7-rt.googleusercontent.com\/docsz\/AD_4nXfrJPHNsUoeBRlcYE4LV08swgmV7tszcat9-zm7z2e26wS_6jofkabAAkgGNfe-0WxqIwekbdWT9Knb3fv-F_Ev75ODrPYJ7Z_zHbPUKEwee9mEFKEpFa1fWju4WsPIK7UQXHUNWz7feFGOgOLw9A?key=hpLhjPDuzzATVkh3Jw5ijEHJ\" alt=\"\"\/><\/figure>\n\n\n\n<p><strong>Ra\u00fal Barco Laakso<\/strong><\/p>\n\n\n\n<p>Le Dr Barco est un traumatologue et un chirurgien orthop\u00e9dique sp\u00e9cialis\u00e9 dans la chirurgie de l&#8217;\u00e9paule et du coude. Il travaille \u00e0 l&#8217;h\u00f4pital La Paz, \u00e0 Madrid, et je l&#8217;ai rencontr\u00e9 lors de ma visite \u00e0 son h\u00f4pital. Le Dr Barco est un grand chirurgien et chercheur et, ainsi que le Dr Antu\u00f1a, il a contribu\u00e9 de mani\u00e8re significative \u00e0 \u00e9veiller mon int\u00e9r\u00eat pour la chirurgie de l&#8217;\u00e9paule et du coude, mais aussi \u00e0 ma formation. Le Dr Barco est un membre \u00e9minent de la Soci\u00e9t\u00e9 espagnole de chirurgie de l&#8217;\u00e9paule et du coude (SECHC) et ancien pr\u00e9sident.&nbsp;<\/p>\n\n\n\n<figure class=\"wp-block-image\"><img decoding=\"async\" src=\"https:\/\/lh7-rt.googleusercontent.com\/docsz\/AD_4nXcUyBfWFewYaGr---yHgJ9XlrmbNPQPZJcO1r7_E_IaDmk-wshMjfO4OxQ5V9Oi2nTU1yb0-XaCeSUmqLYjsIB_52WCBr0VXSZOzcLECgYeCgJYIQnY0AfhtDIVRpFZpB3y_P-oIPUHyXcZFaCu5Os?key=hpLhjPDuzzATVkh3Jw5ijEHJ\" alt=\"\"\/><\/figure>\n\n\n\n<p><strong>L&#8217;EUROPE ET LES \u00c9TATS-UNIS<\/strong><\/p>\n\n\n\n<p>Aux \u00c9tats-Unis, j&#8217;ai pass\u00e9 un total de pr\u00e8s de 3 ans au cours desquels j&#8217;ai jet\u00e9 les bases et d\u00e9velopp\u00e9 la plupart de mes connaissances et comp\u00e9tences actuelles en chirurgie du genou, de l&#8217;\u00e9paule et du coude, sans sous-estimer ma formation tr\u00e8s importante en Espagne. Aux \u00c9tats-Unis, j&#8217;ai eu la chance de visiter et de travailler dans les meilleurs h\u00f4pitaux dans les sp\u00e9cialit\u00e9s de la traumatologie sportive et de la chirurgie reconstructive de l&#8217;\u00e9paule et du coude.<\/p>\n\n\n\n<p><strong>Kristian Samuelsson<\/strong><\/p>\n\n\n\n<p>Le Dr Samuelsson est chirurgien orthop\u00e9dique et traumatologue \u00e0 l&#8217;Universit\u00e9 de G\u00f6teborg, o\u00f9 il travaille \u00e9galement en tant que professeur et est l&#8217;un des chercheurs les plus actifs. Il est sp\u00e9cialiste en traumatologie sportive et en chirurgie du genou. Le Dr Musahl, le Dr Karlsson et lui ont \u00e9t\u00e9 3 piliers importants pour moi en termes de recherche, partageant une multitude de projets de recherche et de collaborations. Je consid\u00e8re qu&#8217;en plus d&#8217;\u00eatre un bon coll\u00e8gue, c&#8217;est un ami.<\/p>\n\n\n\n<figure class=\"wp-block-image\"><img decoding=\"async\" src=\"https:\/\/lh7-rt.googleusercontent.com\/docsz\/AD_4nXdgrPnsIzSFwBOujsVWvYLddKExGLjgKgoSjszkDLYisyqOZgtShFDjlpkq0E8M1scNKoAGI845Dk-69gWrbnqXgkgQmABMcGjRYw6E0Cs7-GwXicXzAJPb5leIzfV_Zo18CawCRKDdrqcsHiTVkQ?key=hpLhjPDuzzATVkh3Jw5ijEHJ\" alt=\"Conseil d'administration\"\/><\/figure>\n\n\n\n<p><strong>Brian R. Wolff<\/strong><\/p>\n\n\n\n<p>Le Dr Wolff est un chirurgien orthop\u00e9dique du sport sp\u00e9cialis\u00e9 dans la chirurgie du genou, de l&#8217;\u00e9paule et du coude \u00e0 l&#8217;Universit\u00e9 de l&#8217;Iowa, directeur de l&#8217;unit\u00e9 de m\u00e9decine sportive et chef des services m\u00e9dicaux des \u00e9quipes sportives universitaires de l&#8217;Universit\u00e9 de l&#8217;Iowa. Elle a \u00e9t\u00e9 la premi\u00e8re personne que j&#8217;ai rencontr\u00e9e aux \u00c9tats-Unis lorsque j&#8217;ai visit\u00e9 son universit\u00e9 en tant qu&#8217;\u00e9tudiant en 2006. Le Dr Wolff est un chirurgien particuli\u00e8rement comp\u00e9tent en chirurgie arthroscopique de l&#8217;\u00e9paule et j&#8217;ai beaucoup appris de lui pendant mon s\u00e9jour \u00e0 l&#8217;Universit\u00e9 de l&#8217;Iowa.<\/p>\n\n\n\n<figure class=\"wp-block-image\"><img decoding=\"async\" src=\"https:\/\/lh7-rt.googleusercontent.com\/docsz\/AD_4nXfsxzQfpfHhwiLdMP8ptZ3IzP3lbdn0tnWLpVihowHjphX_RDEZEvfp3Dr6FOdmRyGMnq8WoZWP1NYEI2RjFRTkxemlDwODIai4_LQnMHv9goBcSzeq8lEBLrhO2wDHQDAQECQmHhd-DGokCOxQ7Lo?key=hpLhjPDuzzATVkh3Jw5ijEHJ\" alt=\"\"\/><\/figure>\n\n\n\n<p><strong>Annunziato Amendola<\/strong><\/p>\n\n\n\n<p>Le Dr Amendola est un chirurgien orthop\u00e9dique du sport sp\u00e9cialis\u00e9 dans la chirurgie du genou et de la cheville qui travaille actuellement \u00e0 l&#8217;Universit\u00e9 Duke, mais qui a travaill\u00e9 \u00e0 l&#8217;Universit\u00e9 de l&#8217;Iowa lorsque j&#8217;\u00e9tais \u00e9tudiant. Il est une r\u00e9f\u00e9rence nationale en chirurgie sportive du genou et auteur de nombreuses publications dans les meilleures revues de la sp\u00e9cialit\u00e9.&nbsp;<\/p>\n\n\n\n<figure class=\"wp-block-image\"><img decoding=\"async\" src=\"https:\/\/lh7-rt.googleusercontent.com\/docsz\/AD_4nXcz6G5fkP3yGuyfL_inBeNcPO9yeAU1_aW1oSjRB9V29X3ZzSKUpSbCaUVk-L7FpbinCO80NbTP66j44BEhGPCvJOcfYIwZCoEsxflzMs6SaKnyQ3XV6-56zCC1XZ44AXNX4Qqci6wDRD-QkWzTU5A?key=hpLhjPDuzzATVkh3Jw5ijEHJ\" alt=\"\"\/><\/figure>\n\n\n\n<p><strong>Ignacio Ponseti<\/strong><\/p>\n\n\n\n<p>Le Dr Ignacio Ponseti (DEP) \u00e9tait chirurgien orthop\u00e9dique \u00e0 l&#8217;Universit\u00e9 de l&#8217;Iowa, o\u00f9 il a travaill\u00e9 jusqu&#8217;\u00e0 l&#8217;\u00e2ge de 94 ans. Il est connu dans le monde entier pour son r\u00f4le fondamental dans la compr\u00e9hension et le traitement du pied bot. Il a \u00e9t\u00e9, tout simplement, l&#8217;un des meilleurs orthop\u00e9distes que notre pays ait produits, d&#8217;o\u00f9 il a \u00e9migr\u00e9 il y a de nombreuses ann\u00e9es. Le Dr Ponseti a contribu\u00e9 \u00e0 ma formation lorsque j&#8217;\u00e9tais \u00e9tudiant et lui a rendu visite en 2016.&nbsp;<\/p>\n\n\n\n<figure class=\"wp-block-image\"><img decoding=\"async\" src=\"https:\/\/lh7-rt.googleusercontent.com\/docsz\/AD_4nXe4ImlFbzVG52SigUCQk1Cmy1PiiI4aviRzFP9tmdIh_Zl-1pysgI171hh51YFD-vOHT28C00zU5VB20dWpJtNdpETG1AWO_kWM33jZnYUw4FzPE_4hyQBs_u_Q77WQ-PBRlVx51fC0izOnkZDgPw?key=hpLhjPDuzzATVkh3Jw5ijEHJ\" alt=\"\"\/><\/figure>\n\n\n\n<p><strong>William N. Levine<\/strong><\/p>\n\n\n\n<p>Le Dr Levine est chef du service de chirurgie orthop\u00e9dique et de traumatologie de l&#8217;Universit\u00e9 Columbia, professeur et m\u00e9decin en chef de l&#8217;Universit\u00e9 Columbia, et codirecteur du programme de formation en chirurgie de l&#8217;\u00e9paule, en m\u00e9decine du coude et en m\u00e9decine sportive au Columbia Presbyterian Medical Center, que j&#8217;ai visit\u00e9 en 2016. Il est un chirurgien du sport de l&#8217;\u00e9paule, du coude et du genou de prestige national et international reconnu, et disciple du Dr Louis Bigliani. Il figure r\u00e9guli\u00e8rement sur la liste des meilleurs m\u00e9decins am\u00e9ricains.<\/p>\n\n\n\n<figure class=\"wp-block-image\"><img decoding=\"async\" src=\"https:\/\/lh7-rt.googleusercontent.com\/docsz\/AD_4nXdvroH93RTOu5GSbMV80I79GDwl6ixklv0PgRbuAyY9KpRC0Pmzk5BYN5Z_yvVP85ZyOB-VP_CEHH25SR3WI9fswQ6w_rwXM5yaPUD5CEon-kGac9iko0UR4KM37EISi-W7f3H6dBQhUjgtQ_3u06s?key=hpLhjPDuzzATVkh3Jw5ijEHJ\" alt=\"\"\/><\/figure>\n\n\n\n<p><strong>Scott S. Rodeo<\/strong><\/p>\n\n\n\n<p>Le Dr Rodeo est un chirurgien orthop\u00e9dique et traumatologue sp\u00e9cialis\u00e9 en traumatologie sportive au prestigieux Hospital for Special Surgery, \u00e0 New York. Cet h\u00f4pital est consid\u00e9r\u00e9 comme le num\u00e9ro 1 aux \u00c9tats-Unis pour la sp\u00e9cialit\u00e9 de chirurgie orthop\u00e9dique et de traumatologie. Le Dr Rodeo est probablement l&#8217;un des meilleurs chercheurs en sciences fondamentales du pays et l&#8217;un des traumatologues les plus r\u00e9put\u00e9s. Il est le m\u00e9decin de l&#8217;\u00e9quipe des Giants de New York et de l&#8217;\u00e9quipe nationale olympique de natation des \u00c9tats-Unis. Il figure r\u00e9guli\u00e8rement sur la liste des meilleurs m\u00e9decins am\u00e9ricains. J&#8217;ai eu la chance de faire une rotation avec lui \u00e0 2 reprises \u00e0 l&#8217;H\u00f4pital de chirurgie sp\u00e9ciale.<\/p>\n\n\n\n<figure class=\"wp-block-image\"><img decoding=\"async\" src=\"https:\/\/lh7-rt.googleusercontent.com\/docsz\/AD_4nXcKNbbWJOf-juD9UqFzXmfIOhYlSyc-TE-_MTLofUYPsTGsAgNRvpplBLYkWXx4KtvQg11GmK871li7UI4nTjPQreboBX_NgFpKU7gRBOIPW7N_gxQIAYYLcnxwhZYThsbxazxY6Ji0AzqSRM8fYg?key=hpLhjPDuzzATVkh3Jw5ijEHJ\" alt=\"\"\/><\/figure>\n\n\n\n<p><strong>David L. Helfet<\/strong><\/p>\n\n\n\n<p>Le Dr Helfet est chirurgien orthop\u00e9dique et traumatologue au prestigieux Hospital for Special Surgery de New York. Il est pr\u00e9sident du d\u00e9partement de traumatologie et professeur \u00e0 l&#8217;Universit\u00e9 Weill-Cornell. Il compte parmi les meilleurs chirurgiens de New York et des \u00c9tats-Unis. Il a \u00e9t\u00e9 un excellent mentor pour moi pour le traitement chirurgical des fractures lorsque j&#8217;\u00e9tais \u00e9tudiant.&nbsp;<\/p>\n\n\n\n<figure class=\"wp-block-image\"><img decoding=\"async\" src=\"https:\/\/lh7-rt.googleusercontent.com\/docsz\/AD_4nXeveV5Hm0K4Ru635HOc4A6Xsp7TzDTrkn1pyFi6Qlb2ok15sv3wxi4D0xXdnR2A1G9HrP6BUnPscWdfOvZngDt5FNU0Mi-W-c-8shzMBa3YwzO6He7DWvcoz00xoPAPVSpPQCQc4huBEmEoRo6ICwQ?key=hpLhjPDuzzATVkh3Jw5ijEHJ\" alt=\"\"\/><\/figure>\n\n\n\n<p><strong>Dr Edward V. Craig<\/strong><\/p>\n\n\n\n<p>Le Dr Craig est un chirurgien orthop\u00e9dique et traumatologue sp\u00e9cialis\u00e9 dans la chirurgie reconstructive de l&#8217;\u00e9paule. Je l&#8217;ai rencontr\u00e9 alors qu&#8217;il travaillait \u00e0 l&#8217;H\u00f4pital de chirurgie sp\u00e9ciale, bien qu&#8217;il ait maintenant d\u00e9m\u00e9nag\u00e9 son cabinet au Minnesota. Il est une r\u00e9f\u00e9rence nationale en chirurgie reconstructive de l&#8217;\u00e9paule et l&#8217;auteur de nombreuses publications et chapitres de livres. Le Dr Craig est l&#8217;un de ces chirurgiens comp\u00e9tents, pr\u00e9cis, gentils, accessibles et, par-dessus tout, de bonnes personnes. J&#8217;ai beaucoup appris de lui en termes d&#8217;approches chirurgicales mais aussi dans le traitement du patient.<\/p>\n\n\n\n<figure class=\"wp-block-image\"><img decoding=\"async\" src=\"https:\/\/lh7-rt.googleusercontent.com\/docsz\/AD_4nXc9TpNs-0E0QhTCmuJU-6YghLnJ4Opp3UEoXiKZxx44_qOb0kmJX76nM_ZEEu-o-haJVzmT5Q-TWVeeX8slCr8hPF1mFf0ud9aeFR5wIVM0BAKzN7vcbYKAzaWaj-LrNKqzz4oT_flhglaYTELiSjQ?key=hpLhjPDuzzATVkh3Jw5ijEHJ\" alt=\"\"\/><\/figure>\n\n\n\n<p><strong>Dr Freddie H. Fu<\/strong><\/p>\n\n\n\n<p>Le Dr Fu (DEP) est une \u00e9minence internationale dans le domaine de la traumatologie sportive, en particulier en ce qui concerne la chirurgie du genou. Il est le chef de service du d\u00e9partement de chirurgie orthop\u00e9dique et de traumatologie de l&#8217;Universit\u00e9 de Pittsburgh, et son curriculum vitae est impossible \u00e0 r\u00e9sumer en quelques lignes. Il a \u00e9t\u00e9 pr\u00e9sident de l&#8217; American Orthopaedic Society for Sports Medicine (AOSSM) et de la Soci\u00e9t\u00e9 internationale d&#8217;arthroscopie, de chirurgie du genou et de m\u00e9decine sportive orthop\u00e9dique (ISAKOS). Il est probablement l&#8217;un des chercheurs les plus puissants au monde. Il a re\u00e7u plus de 250 prix et reconnaissances professionnels, a fait environ 1150 pr\u00e9sentations nationales et internationales, a \u00e9crit 173 chapitres de livres, a publi\u00e9 plus de 570 articles dans des revues index\u00e9es et a \u00e9dit\u00e9 30 manuels dans la sp\u00e9cialit\u00e9.&nbsp;<\/p>\n\n\n\n<figure class=\"wp-block-image\"><img decoding=\"async\" src=\"https:\/\/lh7-rt.googleusercontent.com\/docsz\/AD_4nXdgrktJfA64b0ZlraA9nI7-SkHOjJ4wa-M9yzlsl_R1seDqg9oapJJ_GqXXuW25I3b5UPE-7_Ec0JHF0ugUitwDEYDvfahSGIA0fZSA18o6yePgdpxYdLmWAa8qlvffnPm-rY8KvXbcYk34DON1dEU?key=hpLhjPDuzzATVkh3Jw5ijEHJ\" alt=\"\"\/><\/figure>\n\n\n\n<p><strong>Brian J. Cole<\/strong><\/p>\n\n\n\n<p>Le Dr Cole est chirurgien orthop\u00e9diste et traumatologue \u00e0 l&#8217;Universit\u00e9 Rush de Chicago, professeur de chirurgie orthop\u00e9dique et de traumatologie \u00e0 la m\u00eame universit\u00e9, et m\u00e9decin des Red Sox (\u00e9quipe de baseball professionnelle) et des Bulls de Chicago (\u00e9quipe de la NBA). Il est \u00e9galement chef adjoint du d\u00e9partement de chirurgie orthop\u00e9dique et de traumatologie de l&#8217;universit\u00e9, chef du d\u00e9partement de chirurgie de l&#8217;h\u00f4pital Oak Park, chef de section du centre de restauration du cartilage de l&#8217;universit\u00e9 Rush. Le Dr Cole est l&#8217;un des meilleurs chirurgiens et chercheurs que j&#8217;ai jamais rencontr\u00e9s et l&#8217;une des personnes qui m&#8217;a le plus influenc\u00e9 dans ma carri\u00e8re.&nbsp;<\/p>\n\n\n\n<figure class=\"wp-block-image\"><img decoding=\"async\" src=\"https:\/\/lh7-rt.googleusercontent.com\/docsz\/AD_4nXcC9z3zPgKREn0KWdkK34WhrG9Fh6Q_SAnjGfBYP2UxAkyIcs-WNe_0V1OpzjM-47XidQoDNoMNMUFeOQ0PoUd0R6YjrSghQcMvtvaEKn0gw3Yr819ejmnTzE7MO5_iDr2gl5PN0X08Bq94rM_A9xI?key=hpLhjPDuzzATVkh3Jw5ijEHJ\" alt=\"\"\/><\/figure>\n\n\n\n<p><strong>Charles Bush-Joseph<\/strong><\/p>\n\n\n\n<p>Le Dr Bush-Joseph est chirurgien orthop\u00e9dique et traumatologue \u00e0 l&#8217;Universit\u00e9 Rush et professeur \u00e0 l&#8217;Universit\u00e9 Rush. Il est un m\u00e9decin des Red Sox et un chirurgien majeur \u00e0 Chicago. Il est l&#8217;auteur de nombreuses publications dans des revues internationales et de chapitres dans les meilleurs manuels de la sp\u00e9cialit\u00e9. En plus d&#8217;\u00eatre un grand chirurgien, c&#8217;est quelqu&#8217;un d&#8217;excellent en tant que personne et un grand mentor.<\/p>\n\n\n\n<figure class=\"wp-block-image\"><img decoding=\"async\" src=\"https:\/\/lh7-rt.googleusercontent.com\/docsz\/AD_4nXcJWSU0dxtBqH_vOOceevtWIsW4dllthAhJxZrYsCxgk280xz-dRTFUkA0Wb_kWBobTC9aWJR8_HRd81ZHsP3kyrXIXi0dBi3n3XK-ERPAvfHmEh0ANXGpIFAqbxQLRm3otAKZW3LMjlAnE9NwOGw?key=hpLhjPDuzzATVkh3Jw5ijEHJ\" alt=\"\"\/><\/figure>\n\n\n\n<p><strong>Bernard R. Bach<\/strong><\/p>\n\n\n\n<p>Le Dr Bach est un chirurgien orthop\u00e9dique et traumatologue, sp\u00e9cialis\u00e9 en traumatologie sportive et en chirurgie du genou \u00e0 l&#8217;Universit\u00e9 Rush. Il est directeur du D\u00e9partement de traumatologie sportive et du programme de bourses. Il est un ancien pr\u00e9sident de l&#8217; American Orthopaedic Society for Sports Medicine (AOSSM) et l&#8217;un des principaux chercheurs du pays. Il est un chirurgien reconnu dans la sp\u00e9cialit\u00e9 de la traumatologie du sport aux \u00c9tats-Unis. En plus d&#8217;\u00eatre un grand chirurgien, c&#8217;est un vrai gentleman et un artiste du bois et du verre.<\/p>\n\n\n\n<figure class=\"wp-block-image\"><img decoding=\"async\" src=\"https:\/\/lh7-rt.googleusercontent.com\/docsz\/AD_4nXdcSpImG-1iSCnksain3JSHQj0ycG-GmZtaLLVC2ZxMa-A1klXXxv5nZ0zsqwvUXJ8bYGsaGly8_i6MuhpQp0JyCkjm249M_mUxOITXC3g-L5XCDqpfBMOMpqVEE0TDGSVUoIdzv20siMYAk4hODro?key=hpLhjPDuzzATVkh3Jw5ijEHJ\" alt=\"\"\/><\/figure>\n\n\n\n<p><strong>Michael R. Hausmann<\/strong><\/p>\n\n\n\n<p>Le Dr Hausmann est un chirurgien orthop\u00e9dique et traumatologue, sp\u00e9cialis\u00e9 dans la chirurgie du coude, la chirurgie de la main et la microchirurgie \u00e0 l&#8217;h\u00f4pital Mount Sinai de New York, o\u00f9 il est \u00e9galement professeur \u00e0 l&#8217;Universit\u00e9. Il est \u00e9galement le chef du d\u00e9partement de chirurgie du coude et de la main de l&#8217;h\u00f4pital et l&#8217;auteur de nombreuses publications dans les meilleures revues des \u00c9tats-Unis. J&#8217;ai eu la chance de faire une rotation \u00e0 son service pendant ma r\u00e9sidence, et j&#8217;ai \u00e9t\u00e9 absolument impressionn\u00e9 par ses comp\u00e9tences en tant que chirurgien et par son infinie qualit\u00e9 humaine. Quelqu&#8217;un qui sera toujours sp\u00e9cial dans ma carri\u00e8re.<\/p>\n\n\n\n<figure class=\"wp-block-image\"><img decoding=\"async\" src=\"https:\/\/lh7-rt.googleusercontent.com\/docsz\/AD_4nXfGP1f78rP0RQm5rozJj975tMSsA4T5mhP41-4w98ig8bd0T-a7zPcBA6ji0kAjWldwyWR1beIi_DJJzAQfAHWi-pQ5q6dpt8c8aXBgXr4hTKIPeu-ZOUWdkNZWjblOqEIqUZBqNMDHoq0IY-2HGQ?key=hpLhjPDuzzATVkh3Jw5ijEHJ\" alt=\"\"\/><\/figure>\n\n\n\n<p><strong>Claude T. Moorman<\/strong><\/p>\n\n\n\n<p>Le Dr Moorman est chirurgien orthop\u00e9dique et chirurgien traumatologue chez Atrium Health, et pendant de nombreuses ann\u00e9es m\u00e9decin et chirurgien chez Duke Orthopedics et m\u00e9decin d&#8217;\u00e9quipe pour les Blue Devils de Duke. Il est sp\u00e9cialiste de la chirurgie de l&#8217;\u00e9paule et du genou. Parmi les proc\u00e9dures que j&#8217;ai le plus apprises de lui, citons la reconstruction du ligament crois\u00e9 ant\u00e9rieur \u00e0 l&#8217;aide de la technique os-tendon-os et la r\u00e9paration de la coiffe des rotateurs \u00e0 deux rang\u00e9es.<\/p>\n\n\n\n<figure class=\"wp-block-image\"><img decoding=\"async\" src=\"https:\/\/lh7-rt.googleusercontent.com\/docsz\/AD_4nXeM3y0Eq0Hsm-EcS74OyP7l2dCiIvBb9L7uiWuh34dWtCLzMjqG16r74qFhXrMEFhTcrQPcTVYuyAMPj4u9MFozVIVepCATgBXfWV--hZMoUn1gjAaNdOfbpR-gxHhARpmLHzqVCrJyc0Rg5tSw-jg?key=hpLhjPDuzzATVkh3Jw5ijEHJ\" alt=\"Claude T. Moorman III, M.D. | \u00c9cole de m\u00e9decine de l'Universit\u00e9 de Wake Forest\"\/><\/figure>\n\n\n\n<p><strong>Grant E. Garrigues<\/strong><\/p>\n\n\n\n<p>Le Dr Grant Garrigues est chirurgien orthop\u00e9dique et chirurgien traumatologue chez Midwest Orthopedics \u00e0 Rush. Je l&#8217;ai rencontr\u00e9 alors que je travaillais \u00e0 l&#8217;Universit\u00e9 Duke, o\u00f9 je faisais de la chirurgie de l&#8217;\u00e9paule. Malgr\u00e9 le peu de temps que j&#8217;ai pu passer avec lui, je pense que j&#8217;ai beaucoup appris sur la r\u00e9solution de cas complexes \u00e0 l&#8217;\u00e9paule et, sans aucun doute, il \u00e9tait quelqu&#8217;un de sp\u00e9cial en raison de l&#8217;excellent traitement qu&#8217;il m&#8217;a toujours donn\u00e9.<\/p>\n\n\n\n<figure class=\"wp-block-image\"><img decoding=\"async\" src=\"https:\/\/lh7-rt.googleusercontent.com\/docsz\/AD_4nXeh8jzHwI-_i7lBSWG8-NUoVphGyP4cQoMz7Q4CyHVaL68WyjtGHKhf56wvkuf3dONw-cRZhFRTyXFakJy0UHIbUXgkO08lKdzQaeN_dbkp3_UsFP5I3MVlzY5H_9zITPvkIxUlqfu_v3vJPRjXvEs?key=hpLhjPDuzzATVkh3Jw5ijEHJ\" alt=\"Dr Grant E. Garrigues | Chirurgien orthop\u00e9dique\"\/><\/figure>\n\n\n\n<p><strong>Scott P. Steinmann<\/strong><\/p>\n\n\n\n<p>Le Dr Steinmann est un chirurgien orthop\u00e9dique et un chirurgien orthop\u00e9dique sp\u00e9cialis\u00e9 dans le coude. Il m&#8217;a form\u00e9 alors que j&#8217;\u00e9tais \u00e0 la clinique Mayo, pour laquelle il a travaill\u00e9 pendant de nombreuses ann\u00e9es. J&#8217;ai beaucoup appris de lui sur la pathologie du coude et je peux \u00eatre consid\u00e9r\u00e9 comme un excellent professeur pour sa contribution dans le domaine acad\u00e9mique et sa patience avec ses enseignements.<\/p>\n\n\n\n<figure class=\"wp-block-image\"><img decoding=\"async\" src=\"https:\/\/lh7-rt.googleusercontent.com\/docsz\/AD_4nXc4mInyKFu9BNTpvI9reTIlrOAZVf904QrhQ8gfjtGApr7zKCGKg3ELaLCh0GXaDnYN0g-1haTBypZuMF9aIoDk1kCBeumihtmCGb1AQqv9vG4sotrR2giO7GiRD7gAmo1wcAD3Yjl3rSov9FczoQ?key=hpLhjPDuzzATVkh3Jw5ijEHJ\" alt=\"Steinmann, Scott P. [Aaf] - FR - asgfellows\"\/><\/figure>\n\n\n\n<p><strong>Mark E. Morrey<\/strong><\/p>\n\n\n\n<p>Mark Morrey, M.D., est chirurgien orthop\u00e9dique et chirurgien traumatologue \u00e0 la Mayo Clinic, o\u00f9 il a perp\u00e9tu\u00e9 l&#8217;h\u00e9ritage de son p\u00e8re Bernard F. Morrey. C&#8217;est une grande personne et un chirurgien, d\u00e9di\u00e9 \u00e0 la pathologie de l&#8217;\u00e9paule et du coude. Je pense que c&#8217;est quelqu&#8217;un qui a aussi \u00e9norm\u00e9ment contribu\u00e9 \u00e0 ma formation malgr\u00e9 le peu de temps avec lequel j&#8217;ai eu le privil\u00e8ge de travailler.<\/p>\n\n\n\n<figure class=\"wp-block-image\"><img decoding=\"async\" src=\"https:\/\/lh7-rt.googleusercontent.com\/docsz\/AD_4nXdiP0NLI7aFmIIlrUxWQgONdCvRxuiQoYrgHDIjouyM1l1DmFmlcppewA2lHBuOuhAox6yW-X-_48rhgnDDHXosT5a97qpp-f-Eh6kqYbYNvPPpt7NHgGqQG__v4uaRd3eYv-WgoA1EzpXAC54zu9U?key=hpLhjPDuzzATVkh3Jw5ijEHJ\" alt=\"Mark Morrey, M.D. - eMedEvents\"\/><\/figure>\n\n\n\n<p><strong>Pascal Boileau<\/strong><\/p>\n\n\n\n<p>Le Dr Boileau est un chirurgien orthop\u00e9dique et traumatologue sp\u00e9cialis\u00e9 en pathologie de l&#8217;\u00e9paule, \u00e0 qui j&#8217;ai eu le privil\u00e8ge de rendre visite pour une tr\u00e8s courte p\u00e9riode de temps afin de me former dans une r\u00e9gion tr\u00e8s sp\u00e9cifique de l&#8217;\u00e9paule. De lui, j&#8217;ai appris la technique du Latarjet et bien que j&#8217;aie pass\u00e9 peu de temps \u00e0 Nice, ce que j&#8217;ai appris avec lui a vraiment \u00e9t\u00e9 quelque chose de tr\u00e8s utile dans ma pratique quotidienne. De plus, c&#8217;est quelqu&#8217;un que tout chirurgien de l&#8217;\u00e9paule devrait remercier pour son \u00e9norme contribution au diagnostic et au traitement de la pathologie de l&#8217;\u00e9paule.<\/p>\n\n\n\n<figure class=\"wp-block-image\"><img decoding=\"async\" src=\"https:\/\/lh7-rt.googleusercontent.com\/docsz\/AD_4nXdKO7zxfTDLF_N_xFSr0R_qgDlKClF2-uHbscL-6MjCFy6CUEysstrczpSkuONW-geI5tldal2NlDF70PAmdPxPu7jbyQ2uyPv4gxTqDrEfObOOsxcQEEE9kPxzhbHdTZ-kaM47QuYVIeJJiT_MbAU?key=hpLhjPDuzzATVkh3Jw5ijEHJ\" alt=\"Pr. Pascal Boileau - Institut de Chirurgie R\u00e9paratrice Locomoteur &amp; Sport\"\/><\/figure>\n\n\n\n<p><strong>Laurent Lafosse<\/strong><\/p>\n\n\n\n<p>Le Dr Lafosse est un chirurgien orthop\u00e9diste et un sp\u00e9cialiste orthop\u00e9dique de l&#8217;\u00e9paule qui a travaill\u00e9 \u00e0 l&#8217;Institut des Alpes d&#8217;Annecy, avant de prendre sa retraite. Comme le Dr Boileau, je lui ai rendu visite pendant une courte p\u00e9riode, mais j&#8217;ai pu en apprendre davantage sur la chirurgie Latarjet pour l&#8217;instabilit\u00e9 complexe de l&#8217;\u00e9paule. Il est un pionnier de la chirurgie arthroscopique complexe de l&#8217;\u00e9paule.<\/p>\n\n\n\n<figure class=\"wp-block-image\"><img decoding=\"async\" src=\"https:\/\/lh7-rt.googleusercontent.com\/docsz\/AD_4nXe5wXF8HzPxXDPzjiXnD_s0BJPddLKrYEYq7fo6XbrDHb7qB_OaTKg-djdTtXt2vydsKbb54ZfNO7i7IVkLrQUnSN24XOvCG0-QAUJGFq3gH5sauyk5S7p5a35V2bz0YfSoG4sEPdA93NMjpuVc2GA?key=hpLhjPDuzzATVkh3Jw5ijEHJ\" alt=\"ArthroSport \u2014 Chirurgie orthop\u00e9dique et sportive \u2014 Gen\u00e8ve\"\/><\/figure>\n\n\n\n<p><strong>BOURSE DE VOYAGE ESSKA<\/strong><\/p>\n\n\n\n<p>La Soci\u00e9t\u00e9 europ\u00e9enne de traumatologie du sport, de chirurgie du genou et d&#8217;arthroscopie (ESSKA) offre la possibilit\u00e9 de faire une bourse de voyage dans diff\u00e9rentes r\u00e9gions, y compris l&#8217;Europe, bien que seuls 3 m\u00e9decins soient s\u00e9lectionn\u00e9s au niveau europ\u00e9en. J&#8217;ai eu la chance de profiter de cette bourse et de visiter 5 h\u00f4pitaux : l&#8217;h\u00f4pital universitaire d&#8217;Oslo ; Clinique ATOS, Munich ; Institut orthop\u00e9dique Galeazzi, Milan&nbsp;; l&#8217;h\u00f4pital Hygeia, Ath\u00e8nes ; et l&#8217;Universit\u00e9 Acibadem Mehmet Ali Ayd\u0131nlar, Istanbul. Ces centres m&#8217;ont sembl\u00e9 \u00eatre des leaders dans de nombreux aspects de la traumatologie sportive et, \u00e9videmment, la <em>bourse<\/em> m&#8217;a beaucoup aid\u00e9 \u00e0 apprendre des d\u00e9tails int\u00e9ressants, ainsi que diff\u00e9rentes fa\u00e7ons de faire face, le diagnostic et le traitement de diff\u00e9rentes pathologies. Je tiens donc \u00e0 remercier tous les chirurgiens qui ont contribu\u00e9 \u00e0 rendre cette bourse de voyage si enrichissante : Tom Clement Ludvigsen, Sverre Loeken, Ragnhild Stoen, Berte Boe, Lars Engebretsen, Frank Martetschl\u00e4ger, Mark Tauber, Peter Habermeyer, Ettore Taverna, Carlo Perfetti, Vincenzo Guarrella, Emmanouil Brilakis, Emmanouil Antonogianakis, Elias Mataragas, Anastasios Deligeorgis, Ioannis Chiotis, Mustafa Karahan, Baris Kocao\u011flu,&nbsp; Umut Akg\u00fcn, Kerem Bilsel.<\/p>\n<\/div><\/div>\n\n\n<div id=\"pl-gb932-69f1d3542dcf8\"  class=\"panel-layout\" ><div id=\"pg-gb932-69f1d3542dcf8-0\"  class=\"panel-grid panel-no-style\" ><div id=\"pgc-gb932-69f1d3542dcf8-0-0\"  class=\"panel-grid-cell\" ><div id=\"panel-gb932-69f1d3542dcf8-0-0-0\" class=\"widget_text so-panel widget widget_custom_html panel-first-child panel-last-child\" data-index=\"0\" ><div class=\"textwidget custom-html-widget\"><link rel=\"stylesheet\" href=\"https:\/\/maxcdn.bootstrapcdn.com\/bootstrap\/4.1.3\/css\/bootstrap.min.css\">\n   <link href=\"https:\/\/maxcdn.bootstrapcdn.com\/font-awesome\/4.7.0\/css\/font-awesome.min.css\" rel=\"stylesheet\">\n   <style>\n\/*FOOTER*\/\n\n.mainfooter {\n  background: #16222A;\n  background: -webkit-linear-gradient(59deg, #155a63, #16222A);\n  background: linear-gradient(59deg, #155adeg, #16222A);\n  color: white;\n  margin-top:2px;\n}\n\n.mainfooter h4 {\n\tfont-size: 1.375em;\n}\n\n.mainfooter a {\n  color: #fff;\n  font-size: 12px;\n  transition-duration: 0.2s;\n}\n\n.mainfooter a:hover {\n  color: #6EBEC9;\n  text-decoration: none;\n}\n\n.copy {\n  font-size: 10px;\n  padding: 0;\n  border-top: 1px solid #FFFFFF;\n}\n\n.footer-middle {\n  padding-top: 0.5em;\n  color: white;\n}\n\n\n\/*SOC\u0130AL \u0130CONS*\/\n\n\/* footer social icons *\/\n\nul.social-network {\n  list-style: none;\n  display: inline;\n  margin-left: 0 !important;\n  padding: 0;\n}\n\nul.social-network li {\n  display: inline;\n  margin: 0 2px;\n}\n\n\n\/* footer social icons *\/\n\n.social-network a.socialIcon:hover,\n.socialHoverClass {\n  color: #44BCDD;\n}\n\/*\n.social-circle li a {\n  display: inline-block;\n  position: relative;\n  margin: 0 auto 0 auto;\n  -moz-border-radius: 50%;\n  -webkit-border-radius: 50%;\n  border-radius: 50%;\n  text-align: center;\n  width: 30px;\n  height: 30px;\n  font-size: 15px;\n}\n*\/\n.social-circle li img {\n  margin: 0;\n  line-height: 30px;\n  text-align: center;\n}\n\n.social-circle li img {\n  display: inline-block;\n  position: relative;\n  margin: 0 auto 2px auto;\n  -moz-border-radius: 25%;\n  -webkit-border-radius: 25%;\n  border-radius: 25%;\n  text-align: center;\n  width: 25px;\n  height: 25px;\n  font-size: 15px;\n}\n\n.social-circle li a:hover i,\n.triggeredHover {\n  -moz-transform: rotate(360deg);\n  -webkit-transform: rotate(360deg);\n  -ms--transform: rotate(360deg);\n  transform: rotate(360deg);\n  -webkit-transition: all 0.2s;\n  -moz-transition: all 0.2s;\n  -o-transition: all 0.2s;\n  -ms-transition: all 0.2s;\n  transition: all 0.2s;\n}\n\n.social-circle li a:hover img,\n.triggeredHover {\n  -moz-transform: rotate(360deg);\n  -webkit-transform: rotate(360deg);\n  -ms--transform: rotate(360deg);\n  transform: rotate(360deg);\n  -webkit-transition: all 0.2s;\n  -moz-transition: all 0.2s;\n  -o-transition: all 0.2s;\n  -ms-transition: all 0.2s;\n  transition: all 0.2s;\n}\n\n.social-circle i {\n  color: #595959;\n  -webkit-transition: all 0.8s;\n  -moz-transition: all 0.8s;\n  -o-transition: all 0.8s;\n  -ms-transition: all 0.8s;\n  transition: all 0.8s;\n}\n\n\n\n.social-network a {\n  background-color: #F9F9F9;\n}\n\n.ic{\n\tfont-size: 16px;\n}\n\n@media only screen and (max-width: 600px) {\n  .copy {\n    margin-top: 15px;\n  }\n}\n\n\n   <\/style>\n   \n\n\n<div class=\"mainfooter\" role=\"contentinfo\">\n  <div class=\"footer-middle\">\n    <div class=\"container\">\n      <div class=\"row\">\n        <div class=\"col-md-3 col-sm-6\">\n          <div class=\"footer-pad\">\n            <ul class=\"list-unstyled\">\n              <h4>Eduard Alentorn Geli<\/h4>\n              <li><a target=\"_blank\" href=\"mailto:info@eduardalentorn.com\"><i class=\"fa fa-envelope ic\"><\/i> info@eduardalentorn.com<\/a><\/li>\n              <li><a target=\"_blank\" href=\"tel:+34938346450\"><i class=\"fa fa-phone ic\"><\/i> +34 613316752<\/a><\/li>\n            <\/ul>\n          <\/div>\n        <\/div>\n        <div class=\"col-md-3 col-sm-6\">\n          <div class=\"footer-pad\">\n            <h4>Lieux o\u00f9 je travaille<\/h4>\n            <ul class=\"list-unstyled\">\n              <li><a href=\"https:\/\/www.mcf.cat\/\" target=\"_blank\" rel=\"noopener noreferrer\">Viu Salut<\/a><\/li>\n              <li><a href=\"https:\/\/www.mcf.cat\/\" target=\"_blank\" rel=\"noopener noreferrer\">Zona Wellness &#8211; The Aquatics Medical Center (CNAB)<\/a><\/li>\n            <\/ul>\n          <\/div>\n        <\/div>\n        <div class=\"col-md-3 col-sm-6\">\n          <div class=\"footer-pad\">\n            <h4>Liens<\/h4>\n            <ul class=\"list-unstyled\">\n              <li><a href=\"https:\/\/www.eduardalentorn.com\/dr\/\" target=\"_blank\" rel=\"noopener noreferrer\">Accueil<\/a><\/li>\n              <li><a href=\"https:\/\/www.eduardalentorn.com\/dr\/contacto\/\" target=\"_blank\" rel=\"noopener noreferrer\">Contact<\/a><\/li>\n              <li><a href=\"#\" target=\"_blank\" rel=\"noopener noreferrer\">Demander un rendez-vous<\/a><\/li>\n              <li><a href=\"#\" target=\"_blank\" rel=\"noopener noreferrer\">Emplacements et heures<\/a><\/li>\n            <\/ul>\n          <\/div>\n        <\/div>\n        <div class=\"col-md-3\">\n          <h4>Suivez-nous<\/h4>\n          <ul class=\"social-network social-circle\">\n             <li><a href=\"https:\/\/www.facebook.com\/ealentorn\" target=\"_blank\" class=\"icoVumedi\"  title=\"facebook\"><img decoding=\"async\" src=\"https:\/\/www.eduardalentorn.com\/dr\/wp-content\/uploads\/2020\/04\/face.png\"><\/img><\/a><\/li>\n             <li><a href=\"https:\/\/twitter.com\/dralentorngeli?lang=es\" target=\"_blank\" class=\"icoVumedi\" title=\"twitter\"><img decoding=\"async\" src=\"https:\/\/www.eduardalentorn.com\/dr\/wp-content\/uploads\/2024\/11\/image-1.png\"><\/img><\/a><\/li>\n             <li><a href=\"https:\/\/es.linkedin.com\/in\/eduard-alentorn-geli-md-msc-phd-febot-facgme-38017742\" target=\"_blank\" class=\"icoVumedi\" title=\"linkedin\"><img decoding=\"async\" src=\"https:\/\/www.eduardalentorn.com\/dr\/wp-content\/uploads\/2020\/04\/link.png\"><\/img><\/a><\/li>\n             <li><a href=\"https:\/\/instagram.com\/dr.e.alentorn.geli?igshid=dgrgwa2kq3d6\" target=\"_blank\" class=\"icoVumedi\" title=\"instagram\"><img decoding=\"async\" src=\"https:\/\/www.eduardalentorn.com\/dr\/wp-content\/uploads\/2020\/04\/inst.png\"><\/img><\/a><\/li>\n             <li><a href=\"https:\/\/www.youtube.com\/channel\/UC6t1F6qZZ_evlXYvK_i0rtQ\" target=\"_blank\" class=\"icoVumedi\" title=\"youtube\"><img decoding=\"async\" src=\"https:\/\/www.eduardalentorn.com\/dr\/wp-content\/uploads\/2020\/04\/yout.png\"><\/img><\/a><\/li>\n             \n             <li><a href=\"https:\/\/www.vumedi.com\/video\/protesis-artroplastia-humeral-hombro-sin-vastago-dr-eduard-alentorn-geli-spanish\/\" target=\"_blank\" class=\"icoVumedi\" title=\"vumedi\"><img decoding=\"async\" src=\"https:\/\/www.eduardalentorn.com\/dr\/wp-content\/uploads\/2020\/04\/vumedi.png\"><\/img><\/a><\/li>\n             <li><a href=\"https:\/\/videosdemedicina.com\/\" target=\"_blank\" class=\"icoVumedi\" title=\"videos de medicos\"><img decoding=\"async\" src=\"https:\/\/www.eduardalentorn.com\/dr\/wp-content\/uploads\/2020\/04\/vidmed.png\"><\/img><\/a><\/li>\n            <\/ul>\t\t\t\t\n        <\/div>\n      <\/div>\n      <br>\n      <div class=\"row\">\n        <div class=\"col-md-12 copy\">\n          <p class=\"text-center\">\u00a9 Copyright 2020 &#8211; Ce site a \u00e9t\u00e9 cr\u00e9\u00e9 par <a href=\"https:\/\/funhelps.com\" target=\"_blank\">Funhelps<\/a> &#8211; Tous droits r\u00e9serv\u00e9s.<\/p>\n        <\/div>\n      <\/div>\n    <\/div>\n  <\/div>\n<\/div>\n<\/div><\/div><\/div><\/div><\/div>","protected":false},"excerpt":{"rendered":"<p>MENTORS La m\u00e9decine est un art qui s&#8217;apprend par un travail individuel et collectif, mais en grande partie gr\u00e2ce \u00e0 un nombre infini de mentors que l&#8217;on a tout au long de la vie. Il n&#8217;y a pas assez de mots pour exprimer l&#8217;immense gratitude que je ressens envers chacune et chacune des personnes qui [&hellip;]<\/p>\n","protected":false},"author":2,"featured_media":0,"parent":0,"menu_order":0,"comment_status":"closed","ping_status":"closed","template":"","meta":{"footnotes":""},"class_list":["post-932","page","type-page","status-publish","hentry","post"],"rttpg_featured_image_url":null,"rttpg_author":{"display_name":"info info","author_link":"https:\/\/www.eduardalentorn.com\/dr\/author\/info\/"},"rttpg_comment":0,"rttpg_category":" <a href=\"https:\/\/www.eduardalentorn.com\/dr\/fr\/\" rel=\"tag\">Fran\u00e7ais<\/a>","rttpg_excerpt":"MENTORS La m\u00e9decine est un art qui s&#8217;apprend par un travail individuel et collectif, mais en grande partie gr\u00e2ce \u00e0 un nombre infini de mentors que l&#8217;on a tout au long de la vie. Il n&#8217;y a pas assez de mots pour exprimer l&#8217;immense gratitude que je ressens envers chacune et chacune des personnes qui&hellip;","_links":{"self":[{"href":"https:\/\/www.eduardalentorn.com\/dr\/wp-json\/wp\/v2\/pages\/932","targetHints":{"allow":["GET"]}}],"collection":[{"href":"https:\/\/www.eduardalentorn.com\/dr\/wp-json\/wp\/v2\/pages"}],"about":[{"href":"https:\/\/www.eduardalentorn.com\/dr\/wp-json\/wp\/v2\/types\/page"}],"author":[{"embeddable":true,"href":"https:\/\/www.eduardalentorn.com\/dr\/wp-json\/wp\/v2\/users\/2"}],"replies":[{"embeddable":true,"href":"https:\/\/www.eduardalentorn.com\/dr\/wp-json\/wp\/v2\/comments?post=932"}],"version-history":[{"count":4,"href":"https:\/\/www.eduardalentorn.com\/dr\/wp-json\/wp\/v2\/pages\/932\/revisions"}],"predecessor-version":[{"id":2659,"href":"https:\/\/www.eduardalentorn.com\/dr\/wp-json\/wp\/v2\/pages\/932\/revisions\/2659"}],"wp:attachment":[{"href":"https:\/\/www.eduardalentorn.com\/dr\/wp-json\/wp\/v2\/media?parent=932"}],"curies":[{"name":"wp","href":"https:\/\/api.w.org\/{rel}","templated":true}]}}